{"id":2,"date":"2019-03-29T10:17:19","date_gmt":"2019-03-29T09:17:19","guid":{"rendered":"http:\/\/medizinrecht.at\/home\/?page_id=2"},"modified":"2026-02-02T10:26:09","modified_gmt":"2026-02-02T09:26:09","slug":"beispiel-seite","status":"publish","type":"page","link":"https:\/\/medizinrecht.at\/home\/","title":{"rendered":"Home"},"content":{"rendered":"<div id='full_slider_1'  class='avia-fullwidth-slider main_color avia-shadow   avia-builder-el-0  el_before_av_section  avia-builder-el-first   container_wrap fullsize'  ><div  class='avia-slideshow av-jtzhmnux-e9e85dcca27784a7f42c98db97c28183 avia-slideshow-featured_large av_slideshow_full avia-fade-slider av-slideshow-ui av-control-default av-slideshow-autoplay av-loop-endless av-loop-manual-endless av-default-height-applied   avia-slideshow-1' data-slideshow-options=\"{&quot;animation&quot;:&quot;fade&quot;,&quot;autoplay&quot;:true,&quot;loop_autoplay&quot;:&quot;endless&quot;,&quot;interval&quot;:5,&quot;loop_manual&quot;:&quot;manual-endless&quot;,&quot;autoplay_stopper&quot;:false,&quot;noNavigation&quot;:false,&quot;bg_slider&quot;:false,&quot;keep_padding&quot;:false,&quot;hoverpause&quot;:false,&quot;show_slide_delay&quot;:0}\"  itemprop=\"image\" itemscope=\"itemscope\" itemtype=\"https:\/\/schema.org\/ImageObject\" ><ul class='avia-slideshow-inner ' style='padding-bottom: 42%;'><li  class='avia-slideshow-slide av-jtzhmnux-e9e85dcca27784a7f42c98db97c28183__0  slide-1 slide-odd'><div data-rel='slideshow-1' class='avia-slide-wrap '   ><img fetchpriority=\"high\" fetchpriority=\"high\" decoding=\"async\" fetchpriority=\"high\" class=\"wp-image-43 avia-img-lazy-loading-not-43\"  src=\"https:\/\/medizinrecht.at\/home\/wp-content\/uploads\/2019\/04\/slider3-1500x630.jpg\" width=\"1500\" height=\"630\" title='slider3' alt=''  itemprop=\"thumbnailUrl\" srcset=\"https:\/\/medizinrecht.at\/home\/wp-content\/uploads\/2019\/04\/slider3-1500x630.jpg 1500w, https:\/\/medizinrecht.at\/home\/wp-content\/uploads\/2019\/04\/slider3-300x126.jpg 300w, https:\/\/medizinrecht.at\/home\/wp-content\/uploads\/2019\/04\/slider3-768x323.jpg 768w, https:\/\/medizinrecht.at\/home\/wp-content\/uploads\/2019\/04\/slider3-1030x433.jpg 1030w, https:\/\/medizinrecht.at\/home\/wp-content\/uploads\/2019\/04\/slider3-705x296.jpg 705w, https:\/\/medizinrecht.at\/home\/wp-content\/uploads\/2019\/04\/slider3-450x189.jpg 450w\" sizes=\"(max-width: 1500px) 100vw, 1500px\" \/><\/div><\/li><li  class='avia-slideshow-slide av-jtzhmnux-e9e85dcca27784a7f42c98db97c28183__1  slide-2 slide-even'><div data-rel='slideshow-1' class='avia-slide-wrap '   ><img fetchpriority=\"high\" fetchpriority=\"high\" decoding=\"async\" fetchpriority=\"high\" class=\"wp-image-44 avia-img-lazy-loading-not-44\"  src=\"https:\/\/medizinrecht.at\/home\/wp-content\/uploads\/2019\/04\/slider4-1500x630.jpg\" width=\"1500\" height=\"630\" title='slider4' alt=''  itemprop=\"thumbnailUrl\" srcset=\"https:\/\/medizinrecht.at\/home\/wp-content\/uploads\/2019\/04\/slider4-1500x630.jpg 1500w, https:\/\/medizinrecht.at\/home\/wp-content\/uploads\/2019\/04\/slider4-300x126.jpg 300w, https:\/\/medizinrecht.at\/home\/wp-content\/uploads\/2019\/04\/slider4-768x323.jpg 768w, https:\/\/medizinrecht.at\/home\/wp-content\/uploads\/2019\/04\/slider4-1030x433.jpg 1030w, https:\/\/medizinrecht.at\/home\/wp-content\/uploads\/2019\/04\/slider4-705x296.jpg 705w, https:\/\/medizinrecht.at\/home\/wp-content\/uploads\/2019\/04\/slider4-450x189.jpg 450w\" sizes=\"(max-width: 1500px) 100vw, 1500px\" \/><\/div><\/li><li  class='avia-slideshow-slide av-jtzhmnux-e9e85dcca27784a7f42c98db97c28183__2  slide-3 slide-odd'><div data-rel='slideshow-1' class='avia-slide-wrap '   ><img fetchpriority=\"high\" fetchpriority=\"high\" decoding=\"async\" fetchpriority=\"high\" class=\"wp-image-199 avia-img-lazy-loading-not-199\"  src=\"https:\/\/medizinrecht.at\/home\/wp-content\/uploads\/2019\/04\/slider3027-neu-1500x630.jpg\" width=\"1500\" height=\"630\" title='slider3027-neu' alt=''  itemprop=\"thumbnailUrl\" srcset=\"https:\/\/medizinrecht.at\/home\/wp-content\/uploads\/2019\/04\/slider3027-neu-1500x630.jpg 1500w, https:\/\/medizinrecht.at\/home\/wp-content\/uploads\/2019\/04\/slider3027-neu-300x126.jpg 300w, https:\/\/medizinrecht.at\/home\/wp-content\/uploads\/2019\/04\/slider3027-neu-768x323.jpg 768w, https:\/\/medizinrecht.at\/home\/wp-content\/uploads\/2019\/04\/slider3027-neu-1030x433.jpg 1030w, https:\/\/medizinrecht.at\/home\/wp-content\/uploads\/2019\/04\/slider3027-neu-705x296.jpg 705w, https:\/\/medizinrecht.at\/home\/wp-content\/uploads\/2019\/04\/slider3027-neu-450x189.jpg 450w\" sizes=\"(max-width: 1500px) 100vw, 1500px\" \/><\/div><\/li><li  class='avia-slideshow-slide av-jtzhmnux-e9e85dcca27784a7f42c98db97c28183__3  slide-4 slide-even'><div data-rel='slideshow-1' class='avia-slide-wrap '   ><img fetchpriority=\"high\" fetchpriority=\"high\" decoding=\"async\" fetchpriority=\"high\" class=\"wp-image-180 avia-img-lazy-loading-not-180\"  src=\"https:\/\/medizinrecht.at\/home\/wp-content\/uploads\/2019\/04\/slider_10-1500x630.jpg\" width=\"1500\" height=\"630\" title='slider_10' alt=''  itemprop=\"thumbnailUrl\" srcset=\"https:\/\/medizinrecht.at\/home\/wp-content\/uploads\/2019\/04\/slider_10-1500x630.jpg 1500w, https:\/\/medizinrecht.at\/home\/wp-content\/uploads\/2019\/04\/slider_10-300x126.jpg 300w, https:\/\/medizinrecht.at\/home\/wp-content\/uploads\/2019\/04\/slider_10-768x323.jpg 768w, https:\/\/medizinrecht.at\/home\/wp-content\/uploads\/2019\/04\/slider_10-1030x433.jpg 1030w, https:\/\/medizinrecht.at\/home\/wp-content\/uploads\/2019\/04\/slider_10-705x296.jpg 705w, https:\/\/medizinrecht.at\/home\/wp-content\/uploads\/2019\/04\/slider_10-450x189.jpg 450w\" sizes=\"(max-width: 1500px) 100vw, 1500px\" \/><\/div><\/li><li  class='avia-slideshow-slide av-jtzhmnux-e9e85dcca27784a7f42c98db97c28183__4  slide-5 slide-odd'><div data-rel='slideshow-1' class='avia-slide-wrap '   ><img fetchpriority=\"high\" fetchpriority=\"high\" decoding=\"async\" fetchpriority=\"high\" class=\"wp-image-198 avia-img-lazy-loading-not-198\"  src=\"https:\/\/medizinrecht.at\/home\/wp-content\/uploads\/2019\/04\/slider2990-neu-1500x630.jpg\" width=\"1500\" height=\"630\" title='slider2990-neu' alt=''  itemprop=\"thumbnailUrl\" srcset=\"https:\/\/medizinrecht.at\/home\/wp-content\/uploads\/2019\/04\/slider2990-neu-1500x630.jpg 1500w, https:\/\/medizinrecht.at\/home\/wp-content\/uploads\/2019\/04\/slider2990-neu-300x126.jpg 300w, https:\/\/medizinrecht.at\/home\/wp-content\/uploads\/2019\/04\/slider2990-neu-768x323.jpg 768w, https:\/\/medizinrecht.at\/home\/wp-content\/uploads\/2019\/04\/slider2990-neu-1030x433.jpg 1030w, https:\/\/medizinrecht.at\/home\/wp-content\/uploads\/2019\/04\/slider2990-neu-705x296.jpg 705w, https:\/\/medizinrecht.at\/home\/wp-content\/uploads\/2019\/04\/slider2990-neu-450x189.jpg 450w\" sizes=\"(max-width: 1500px) 100vw, 1500px\" \/><\/div><\/li><li  class='avia-slideshow-slide av-jtzhmnux-e9e85dcca27784a7f42c98db97c28183__5  slide-6 slide-even'><div data-rel='slideshow-1' class='avia-slide-wrap '   ><img fetchpriority=\"high\" fetchpriority=\"high\" decoding=\"async\" fetchpriority=\"high\" class=\"wp-image-206 avia-img-lazy-loading-not-206\"  src=\"https:\/\/medizinrecht.at\/home\/wp-content\/uploads\/2019\/04\/slider-bewegung1-1500x630.jpg\" width=\"1500\" height=\"630\" title='slider-bewegung1' alt=''  itemprop=\"thumbnailUrl\" srcset=\"https:\/\/medizinrecht.at\/home\/wp-content\/uploads\/2019\/04\/slider-bewegung1-1500x630.jpg 1500w, https:\/\/medizinrecht.at\/home\/wp-content\/uploads\/2019\/04\/slider-bewegung1-300x126.jpg 300w, https:\/\/medizinrecht.at\/home\/wp-content\/uploads\/2019\/04\/slider-bewegung1-768x323.jpg 768w, https:\/\/medizinrecht.at\/home\/wp-content\/uploads\/2019\/04\/slider-bewegung1-1030x433.jpg 1030w, https:\/\/medizinrecht.at\/home\/wp-content\/uploads\/2019\/04\/slider-bewegung1-705x296.jpg 705w, https:\/\/medizinrecht.at\/home\/wp-content\/uploads\/2019\/04\/slider-bewegung1-450x189.jpg 450w\" sizes=\"(max-width: 1500px) 100vw, 1500px\" \/><\/div><\/li><li  class='avia-slideshow-slide av-jtzhmnux-e9e85dcca27784a7f42c98db97c28183__6  slide-7 slide-odd'><div data-rel='slideshow-1' class='avia-slide-wrap '   ><img fetchpriority=\"high\" fetchpriority=\"high\" decoding=\"async\" fetchpriority=\"high\" class=\"wp-image-181 avia-img-lazy-loading-not-181\"  src=\"https:\/\/medizinrecht.at\/home\/wp-content\/uploads\/2019\/04\/slider_40-1500x630.jpg\" width=\"1500\" height=\"630\" title='slider_40' alt=''  itemprop=\"thumbnailUrl\" srcset=\"https:\/\/medizinrecht.at\/home\/wp-content\/uploads\/2019\/04\/slider_40-1500x630.jpg 1500w, https:\/\/medizinrecht.at\/home\/wp-content\/uploads\/2019\/04\/slider_40-300x126.jpg 300w, https:\/\/medizinrecht.at\/home\/wp-content\/uploads\/2019\/04\/slider_40-768x323.jpg 768w, https:\/\/medizinrecht.at\/home\/wp-content\/uploads\/2019\/04\/slider_40-1030x433.jpg 1030w, https:\/\/medizinrecht.at\/home\/wp-content\/uploads\/2019\/04\/slider_40-705x296.jpg 705w, https:\/\/medizinrecht.at\/home\/wp-content\/uploads\/2019\/04\/slider_40-450x189.jpg 450w\" sizes=\"(max-width: 1500px) 100vw, 1500px\" \/><\/div><\/li><li  class='avia-slideshow-slide av-jtzhmnux-e9e85dcca27784a7f42c98db97c28183__7  slide-8 slide-even'><div data-rel='slideshow-1' class='avia-slide-wrap '   ><img fetchpriority=\"high\" fetchpriority=\"high\" decoding=\"async\" fetchpriority=\"high\" class=\"wp-image-205 avia-img-lazy-loading-not-205\"  src=\"https:\/\/medizinrecht.at\/home\/wp-content\/uploads\/2019\/04\/slider49-neu3-1500x630.jpg\" width=\"1500\" height=\"630\" title='slider49-neu3' alt=''  itemprop=\"thumbnailUrl\" srcset=\"https:\/\/medizinrecht.at\/home\/wp-content\/uploads\/2019\/04\/slider49-neu3-1500x630.jpg 1500w, https:\/\/medizinrecht.at\/home\/wp-content\/uploads\/2019\/04\/slider49-neu3-300x126.jpg 300w, https:\/\/medizinrecht.at\/home\/wp-content\/uploads\/2019\/04\/slider49-neu3-768x323.jpg 768w, https:\/\/medizinrecht.at\/home\/wp-content\/uploads\/2019\/04\/slider49-neu3-1030x433.jpg 1030w, https:\/\/medizinrecht.at\/home\/wp-content\/uploads\/2019\/04\/slider49-neu3-705x296.jpg 705w, https:\/\/medizinrecht.at\/home\/wp-content\/uploads\/2019\/04\/slider49-neu3-450x189.jpg 450w\" sizes=\"(max-width: 1500px) 100vw, 1500px\" \/><\/div><\/li><\/ul><div class='avia-slideshow-arrows avia-slideshow-controls' ><a href='#prev' class='prev-slide ' aria-hidden='true' data-av_icon='\ue87c' data-av_iconfont='entypo-fontello'  tabindex='-1'>Zur\u00fcck<\/a><a href='#next' class='next-slide ' aria-hidden='true' data-av_icon='\ue87d' data-av_iconfont='entypo-fontello'  tabindex='-1'>Weiter<\/a><\/div><div class='avia-slideshow-dots avia-slideshow-controls'><a href='#1' class='goto-slide active' >1<\/a><a href='#2' class='goto-slide ' >2<\/a><a href='#3' class='goto-slide ' >3<\/a><a href='#4' class='goto-slide ' >4<\/a><a href='#5' class='goto-slide ' >5<\/a><a href='#6' class='goto-slide ' >6<\/a><a href='#7' class='goto-slide ' >7<\/a><a href='#8' class='goto-slide ' >8<\/a><\/div><\/div><\/div>\n<div id='kanzlei'  class='avia-section av-jtzjs98w-4c9bd4b027af5f16539fa36ad626b315 header_color avia-section-large avia-no-border-styling  avia-builder-el-1  el_after_av_slideshow_full  el_before_av_section  avia-bg-style-scroll container_wrap fullsize'  ><div class='container av-section-cont-open' ><div class='template-page content  av-content-full alpha units'><div class='post-entry post-entry-type-page post-entry-2'><div class='entry-content-wrapper clearfix'>\n\n<style type=\"text\/css\" data-created_by=\"avia_inline_auto\" id=\"style-css-av-jtzjhq3d-d11e3b45d69f499ee12ed3af9b7f1488\">\n#top .av_textblock_section.av-jtzjhq3d-d11e3b45d69f499ee12ed3af9b7f1488 .avia_textblock{\ncolor:#cccccc;\n}\n<\/style>\n<section  class='av_textblock_section av-jtzjhq3d-d11e3b45d69f499ee12ed3af9b7f1488 '   itemscope=\"itemscope\" itemtype=\"https:\/\/schema.org\/CreativeWork\" ><div class='avia_textblock av_inherit_color'  itemprop=\"text\" ><h1 style=\"text-align: center;\">DIE KANZLEI<\/h1>\n<\/div><\/section>\n\n<style type=\"text\/css\" data-created_by=\"avia_inline_auto\" id=\"style-css-av-jtzkblo2-ab1762a5b1b4f8b77f9532dd1c667ab1\">\n#top .hr.av-jtzkblo2-ab1762a5b1b4f8b77f9532dd1c667ab1{\nmargin-top:10;\nmargin-bottom:20;\n}\n.hr.av-jtzkblo2-ab1762a5b1b4f8b77f9532dd1c667ab1 .hr-inner{\nwidth:15%;\nborder-color:#cccccc;\n}\n<\/style>\n<div  class='hr av-jtzkblo2-ab1762a5b1b4f8b77f9532dd1c667ab1 hr-custom  avia-builder-el-3  el_after_av_textblock  el_before_av_one_fifth  hr-center hr-icon-no'><span class='hr-inner inner-border-av-border-fat'><span class=\"hr-inner-style\"><\/span><\/span><\/div>\n\n<style type=\"text\/css\" data-created_by=\"avia_inline_auto\" id=\"style-css-av-3hvg-4af666475bc3f68597651a5a7524d11e\">\n.flex_column.av-3hvg-4af666475bc3f68597651a5a7524d11e{\nborder-radius:0px 0px 0px 0px;\npadding:0px 0px 0px 0px;\n}\n<\/style>\n<div  class='flex_column av-3hvg-4af666475bc3f68597651a5a7524d11e av_one_fifth  avia-builder-el-4  el_after_av_hr  el_before_av_three_fifth  first flex_column_div av-zero-column-padding  '     ><\/div>\n<style type=\"text\/css\" data-created_by=\"avia_inline_auto\" id=\"style-css-av-5pgq-6a593b9d3b61e5ac70df54dfa012e6a1\">\n.flex_column.av-5pgq-6a593b9d3b61e5ac70df54dfa012e6a1{\nborder-radius:0px 0px 0px 0px;\npadding:0px 0px 0px 0px;\n}\n<\/style>\n<div  class='flex_column av-5pgq-6a593b9d3b61e5ac70df54dfa012e6a1 av_three_fifth  avia-builder-el-5  el_after_av_one_fifth  el_before_av_one_fifth  flex_column_div av-zero-column-padding  '     ><style type=\"text\/css\" data-created_by=\"avia_inline_auto\" id=\"style-css-av-jtzhom0m-5fe702ae48fbd66aef2e466958968703\">\n#top .av_textblock_section.av-jtzhom0m-5fe702ae48fbd66aef2e466958968703 .avia_textblock{\nfont-size:16px;\n}\n<\/style>\n<section  class='av_textblock_section av-jtzhom0m-5fe702ae48fbd66aef2e466958968703 '   itemscope=\"itemscope\" itemtype=\"https:\/\/schema.org\/CreativeWork\" ><div class='avia_textblock av_inherit_color'  itemprop=\"text\" ><p style=\"text-align: center;\"><strong>DIE KANZLEI<\/strong><\/p>\n<p style=\"text-align: center;\"><strong>Medizinrecht<\/strong>, <strong>Krankenanstaltenrecht<\/strong> und <strong>Arzthaftungsrecht<\/strong> \u2013 f\u00fcr diese T\u00e4tigkeitsschwerpunkte wurde die Kanzlei vor mehr als 40 Jahren von Rechtsanwalt Prof. Dr. Eckhard Pitzl gegr\u00fcndet. Rechtsanwalt Prof. Dr. Gerhard W. Huber, LL.M. PM.ME trat 1995 als Partner ein. Seit 2015 verst\u00e4rkt Dr. Jakob Dietrich das Team, der seit 2022 Rechtsanwalt und Partner ist.<\/p>\n<p style=\"text-align: center;\">Der Schwerpunkt der Kanzlei liegt seit jeher in der Beratung und Vertretung von bettenf\u00fchrenden <strong>Krankenanstalten<\/strong>, <strong>Ambulatorien<\/strong>, <strong>Einzel- und Gruppenpraxen<\/strong>, <strong>Alten- und Pflegeheimen<\/strong> sowie <strong>Behinderteneinrichtungen<\/strong> und der Menschen, die in diesen Einrichtungen t\u00e4tig sind. In diesem Bereich werden daher ausschlie\u00dflich Mandate von und f\u00fcr Tr\u00e4ger und Mitarbeiter von Gesundheits- und Betreuungseinrichtungen \u00fcbernommen.<\/p>\n<p style=\"text-align: center;\"><strong>Medizin-Recht-Ethik<\/strong> stehen im untrennbaren Zusammenhang. Um neue medizinische Handlungsm\u00f6glichkeiten im gesellschaftlichen Wertepluralismus beurteilen und er\u00f6ffnen zu k\u00f6nnen, braucht Medizinrecht eine medizinisch-ethische Fundierung, welche die Kanzlei aufweist.<\/p>\n<p style=\"text-align: center;\">Die Kanzlei bietet medizinrechtliche Expertise auf h\u00f6chstem Niveau mit jahrzehntelanger <strong>Erfahrung und Vernetzung<\/strong> in diesem Spezialgebiet.<\/p>\n<p style=\"text-align: center;\">Regelm\u00e4\u00dfige Vertretung in <strong>Strafsachen<\/strong> geh\u00f6rt zum Leistungsspektrum der Kanzlei. Au\u00dferdem verhandelt und erarbeitet sie seit Jahrzehnten Kollektivvertr\u00e4ge im Gesundheitsbereich und ber\u00e4t und vertritt zahlreiche Institutionen au\u00dfergerichtlich und gerichtlich in <strong>arbeitsrechtlichen Belangen<\/strong>.<\/p>\n<p style=\"text-align: center;\">Seit der Gr\u00fcndung der Kanzlei geh\u00f6ren medizinrechtliche <strong>Publikationen<\/strong> sowie <strong>Lehr- und Vortragst\u00e4tigkeiten <\/strong>zum Aufgabengebiet der in der Kanzlei t\u00e4tigen Juristen.<\/p>\n<p style=\"text-align: center;\">\n<\/div><\/section><\/div>\n<style type=\"text\/css\" data-created_by=\"avia_inline_auto\" id=\"style-css-av-74u6-19ce46b03587070ec87008b843e9445a\">\n.flex_column.av-74u6-19ce46b03587070ec87008b843e9445a{\nborder-radius:0px 0px 0px 0px;\npadding:0px 0px 0px 0px;\n}\n<\/style>\n<div  class='flex_column av-74u6-19ce46b03587070ec87008b843e9445a av_one_fifth  avia-builder-el-7  el_after_av_three_fifth  avia-builder-el-last  flex_column_div av-zero-column-padding  '     ><\/div>\n\n<\/div><\/div><\/div><!-- close content main div --><\/div><\/div><div id='curriculum'  class='avia-section av-jtzjbqk1-ceb2804647540aadae6c13e6e8b5f66e main_color avia-section-default avia-no-border-styling  avia-builder-el-8  el_after_av_section  el_before_av_slideshow_full  avia-bg-style-scroll container_wrap fullsize'  ><div class='container av-section-cont-open' ><div class='template-page content  av-content-full alpha units'><div class='post-entry post-entry-type-page post-entry-2'><div class='entry-content-wrapper clearfix'>\n\n<style type=\"text\/css\" data-created_by=\"avia_inline_auto\" id=\"style-css-av-jtzkblo2-33-9a02cf1f87c61baba5b9731fb926fe64\">\n#top .hr.hr-invisible.av-jtzkblo2-33-9a02cf1f87c61baba5b9731fb926fe64{\nheight:50px;\n}\n<\/style>\n<div  class='hr av-jtzkblo2-33-9a02cf1f87c61baba5b9731fb926fe64 hr-invisible  avia-builder-el-9  el_before_av_textblock  avia-builder-el-first '><span class='hr-inner '><span class=\"hr-inner-style\"><\/span><\/span><\/div>\n\n<style type=\"text\/css\" data-created_by=\"avia_inline_auto\" id=\"style-css-av-jtzjhq3d-34-d2a055e51eafdeac409fa950e810f3ff\">\n#top .av_textblock_section.av-jtzjhq3d-34-d2a055e51eafdeac409fa950e810f3ff .avia_textblock{\ncolor:#cccccc;\n}\n<\/style>\n<section  class='av_textblock_section av-jtzjhq3d-34-d2a055e51eafdeac409fa950e810f3ff '   itemscope=\"itemscope\" itemtype=\"https:\/\/schema.org\/CreativeWork\" ><div class='avia_textblock av_inherit_color'  itemprop=\"text\" ><h1 style=\"text-align: center;\">CURRICULUM VITAE<\/h1>\n<\/div><\/section>\n\n<style type=\"text\/css\" data-created_by=\"avia_inline_auto\" id=\"style-css-av-jtzkblo2-31-1cff2007d0c8f940b5e6074eed328db6\">\n#top .hr.av-jtzkblo2-31-1cff2007d0c8f940b5e6074eed328db6{\nmargin-top:20;\nmargin-bottom:50;\n}\n.hr.av-jtzkblo2-31-1cff2007d0c8f940b5e6074eed328db6 .hr-inner{\nwidth:15%;\nborder-color:#cccccc;\n}\n<\/style>\n<div  class='hr av-jtzkblo2-31-1cff2007d0c8f940b5e6074eed328db6 hr-custom  avia-builder-el-11  el_after_av_textblock  el_before_av_hr  hr-center hr-icon-no'><span class='hr-inner inner-border-av-border-fat'><span class=\"hr-inner-style\"><\/span><\/span><\/div>\n\n<style type=\"text\/css\" data-created_by=\"avia_inline_auto\" id=\"style-css-av-jtzkblo2-29-197293d248eafbbaa0b3c7d90b07db36\">\n#top .hr.hr-invisible.av-jtzkblo2-29-197293d248eafbbaa0b3c7d90b07db36{\nheight:50px;\n}\n<\/style>\n<div  class='hr av-jtzkblo2-29-197293d248eafbbaa0b3c7d90b07db36 hr-invisible  avia-builder-el-12  el_after_av_hr  el_before_av_one_half '><span class='hr-inner '><span class=\"hr-inner-style\"><\/span><\/span><\/div>\n\n<style type=\"text\/css\" data-created_by=\"avia_inline_auto\" id=\"style-css-av-56t2-c73c0bc484044c590c4e397c78b64c8d\">\n.flex_column.av-56t2-c73c0bc484044c590c4e397c78b64c8d{\nborder-radius:0px 0px 0px 0px;\npadding:0px 0px 0px 0px;\n}\n<\/style>\n<div  class='flex_column av-56t2-c73c0bc484044c590c4e397c78b64c8d av_one_half  avia-builder-el-13  el_after_av_hr  el_before_av_one_half  first flex_column_div av-zero-column-padding  '     ><p>\n<style type=\"text\/css\" data-created_by=\"avia_inline_auto\" id=\"style-css-av-ju0u9qrv-0e52ccabf8d9e60e0079497feb92ba7d\">\n.avia-image-container.av-ju0u9qrv-0e52ccabf8d9e60e0079497feb92ba7d img.avia_image{\nbox-shadow:none;\n}\n.avia-image-container.av-ju0u9qrv-0e52ccabf8d9e60e0079497feb92ba7d .av-image-caption-overlay-center{\ncolor:#ffffff;\n}\n<\/style>\n<div  class='avia-image-container av-ju0u9qrv-0e52ccabf8d9e60e0079497feb92ba7d av-styling- av-hover-grow av-img-linked avia_animated_image av-animated-when-visible-95 top-to-bottom avia-align-center  avia-builder-el-14  el_before_av_textblock  avia-builder-el-first '   itemprop=\"image\" itemscope=\"itemscope\" itemtype=\"https:\/\/schema.org\/ImageObject\" ><div class=\"avia-image-container-inner\"><div class=\"avia-image-overlay-wrap\"><a href=\"https:\/\/medizinrecht.at\/home\/2019\/03\/29\/huber\/\" class='avia_image '  aria-label='50_1'><img fetchpriority=\"high\" fetchpriority=\"high\" decoding=\"async\" fetchpriority=\"high\" class='wp-image-168 avia-img-lazy-loading-not-168 avia_image ' src=\"https:\/\/medizinrecht.at\/home\/wp-content\/uploads\/2019\/04\/50_1-1030x686.jpg\" alt='' title='50_1'  height=\"686\" width=\"1030\"  itemprop=\"thumbnailUrl\" srcset=\"https:\/\/medizinrecht.at\/home\/wp-content\/uploads\/2019\/04\/50_1-1030x686.jpg 1030w, https:\/\/medizinrecht.at\/home\/wp-content\/uploads\/2019\/04\/50_1-300x200.jpg 300w, https:\/\/medizinrecht.at\/home\/wp-content\/uploads\/2019\/04\/50_1-768x512.jpg 768w, https:\/\/medizinrecht.at\/home\/wp-content\/uploads\/2019\/04\/50_1-1500x1000.jpg 1500w, https:\/\/medizinrecht.at\/home\/wp-content\/uploads\/2019\/04\/50_1-705x470.jpg 705w, https:\/\/medizinrecht.at\/home\/wp-content\/uploads\/2019\/04\/50_1-450x300.jpg 450w, https:\/\/medizinrecht.at\/home\/wp-content\/uploads\/2019\/04\/50_1.jpg 2000w\" sizes=\"(max-width: 1030px) 100vw, 1030px\" \/><\/a><\/div><\/div><\/div><br \/>\n<section  class='av_textblock_section av-ju0udg4n-0079782e16e5ae15d886a8b9b792855a '   itemscope=\"itemscope\" itemtype=\"https:\/\/schema.org\/CreativeWork\" ><div class='avia_textblock'  itemprop=\"text\" ><h3 style=\"text-align: center;\">Prof. Dr. Gerhard W. Huber, LL.M. PM.ME<\/h3>\n<\/div><\/section><\/p><\/div>\n<style type=\"text\/css\" data-created_by=\"avia_inline_auto\" id=\"style-css-av-56t2-27-bf3a44b2588f9efc6157edbc900ab228\">\n.flex_column.av-56t2-27-bf3a44b2588f9efc6157edbc900ab228{\nborder-radius:0px 0px 0px 0px;\npadding:0px 0px 0px 0px;\n}\n<\/style>\n<div  class='flex_column av-56t2-27-bf3a44b2588f9efc6157edbc900ab228 av_one_half  avia-builder-el-16  el_after_av_one_half  el_before_av_hr  flex_column_div av-zero-column-padding  '     ><p>\n<style type=\"text\/css\" data-created_by=\"avia_inline_auto\" id=\"style-css-av-ju0u9qrv-26-6eafa112fa78852602fc341dd1fa881c\">\n.avia-image-container.av-ju0u9qrv-26-6eafa112fa78852602fc341dd1fa881c img.avia_image{\nbox-shadow:none;\n}\n.avia-image-container.av-ju0u9qrv-26-6eafa112fa78852602fc341dd1fa881c .av-image-caption-overlay-center{\ncolor:#ffffff;\n}\n<\/style>\n<div  class='avia-image-container av-ju0u9qrv-26-6eafa112fa78852602fc341dd1fa881c av-styling- av-hover-grow av-img-linked avia_animated_image av-animated-when-visible-95 top-to-bottom avia-align-center  avia-builder-el-17  el_before_av_textblock  avia-builder-el-first '   itemprop=\"image\" itemscope=\"itemscope\" itemtype=\"https:\/\/schema.org\/ImageObject\" ><div class=\"avia-image-container-inner\"><div class=\"avia-image-overlay-wrap\"><a href=\"https:\/\/medizinrecht.at\/home\/2019\/04\/03\/mag-jakob-dietrich\/\" class='avia_image '  aria-label='35'><img fetchpriority=\"high\" fetchpriority=\"high\" decoding=\"async\" fetchpriority=\"high\" class='wp-image-166 avia-img-lazy-loading-not-166 avia_image ' src=\"https:\/\/medizinrecht.at\/home\/wp-content\/uploads\/2019\/04\/35-1030x686.jpg\" alt='' title='35'  height=\"686\" width=\"1030\"  itemprop=\"thumbnailUrl\" srcset=\"https:\/\/medizinrecht.at\/home\/wp-content\/uploads\/2019\/04\/35-1030x686.jpg 1030w, https:\/\/medizinrecht.at\/home\/wp-content\/uploads\/2019\/04\/35-300x200.jpg 300w, https:\/\/medizinrecht.at\/home\/wp-content\/uploads\/2019\/04\/35-768x512.jpg 768w, https:\/\/medizinrecht.at\/home\/wp-content\/uploads\/2019\/04\/35-1500x1000.jpg 1500w, https:\/\/medizinrecht.at\/home\/wp-content\/uploads\/2019\/04\/35-705x470.jpg 705w, https:\/\/medizinrecht.at\/home\/wp-content\/uploads\/2019\/04\/35-450x300.jpg 450w, https:\/\/medizinrecht.at\/home\/wp-content\/uploads\/2019\/04\/35.jpg 2000w\" sizes=\"(max-width: 1030px) 100vw, 1030px\" \/><\/a><\/div><\/div><\/div><br \/>\n<section  class='av_textblock_section av-ju0udg4n-25-3cbdc11db9cf9546a84ddb1cd393723d '   itemscope=\"itemscope\" itemtype=\"https:\/\/schema.org\/CreativeWork\" ><div class='avia_textblock'  itemprop=\"text\" ><h3 style=\"text-align: center;\"><strong>Dr. Jakob Dietrich<\/strong><\/h3>\n<\/div><\/section><\/p><\/div>\n<style type=\"text\/css\" data-created_by=\"avia_inline_auto\" id=\"style-css-av-jtzkblo2-28-1a79646d53d20f2feafa0a29086c1518\">\n#top .hr.hr-invisible.av-jtzkblo2-28-1a79646d53d20f2feafa0a29086c1518{\nheight:50px;\n}\n<\/style>\n<div  class='hr av-jtzkblo2-28-1a79646d53d20f2feafa0a29086c1518 hr-invisible  avia-builder-el-19  el_after_av_one_half  el_before_av_hr '><span class='hr-inner '><span class=\"hr-inner-style\"><\/span><\/span><\/div>\n\n<style type=\"text\/css\" data-created_by=\"avia_inline_auto\" id=\"style-css-av-jtzkblo2-24-7c22d5ab366f8300180ab93283cf01af\">\n#top .hr.hr-invisible.av-jtzkblo2-24-7c22d5ab366f8300180ab93283cf01af{\nheight:50px;\n}\n<\/style>\n<div  class='hr av-jtzkblo2-24-7c22d5ab366f8300180ab93283cf01af hr-invisible  avia-builder-el-20  el_after_av_hr  avia-builder-el-last '><span class='hr-inner '><span class=\"hr-inner-style\"><\/span><\/span><\/div>\n\n<\/div><\/div><\/div><!-- close content main div --><\/div><\/div><div id='full_slider_2'  class='avia-fullwidth-slider main_color avia-shadow   avia-builder-el-21  el_after_av_section  el_before_av_hr   slider-not-first container_wrap fullsize'  ><div  class='avia-slideshow av-jtzhmnux-35-d4252c72eef51e47b2233b4efb17c55c avia-slideshow-featured_large av_slideshow_full avia-fade-slider av-slideshow-ui av-control-default av-slideshow-autoplay av-loop-endless av-loop-manual-endless av-default-height-applied   avia-slideshow-2' data-slideshow-options=\"{&quot;animation&quot;:&quot;fade&quot;,&quot;autoplay&quot;:true,&quot;loop_autoplay&quot;:&quot;endless&quot;,&quot;interval&quot;:5,&quot;loop_manual&quot;:&quot;manual-endless&quot;,&quot;autoplay_stopper&quot;:false,&quot;noNavigation&quot;:false,&quot;bg_slider&quot;:false,&quot;keep_padding&quot;:false,&quot;hoverpause&quot;:false,&quot;show_slide_delay&quot;:0}\"  itemprop=\"image\" itemscope=\"itemscope\" itemtype=\"https:\/\/schema.org\/ImageObject\" ><ul class='avia-slideshow-inner ' style='padding-bottom: 42%;'><li  class='avia-slideshow-slide av-jtzhmnux-35-d4252c72eef51e47b2233b4efb17c55c__0  slide-1 slide-odd'><div data-rel='slideshow-2' class='avia-slide-wrap '   ><img fetchpriority=\"high\" fetchpriority=\"high\" decoding=\"async\" fetchpriority=\"high\" class=\"wp-image-163 avia-img-lazy-loading-not-163\"  src=\"https:\/\/medizinrecht.at\/home\/wp-content\/uploads\/2019\/04\/slider1_med-1500x630.jpg\" width=\"1500\" height=\"630\" title='slider1_med' alt=''  itemprop=\"thumbnailUrl\" srcset=\"https:\/\/medizinrecht.at\/home\/wp-content\/uploads\/2019\/04\/slider1_med-1500x630.jpg 1500w, https:\/\/medizinrecht.at\/home\/wp-content\/uploads\/2019\/04\/slider1_med-300x126.jpg 300w, https:\/\/medizinrecht.at\/home\/wp-content\/uploads\/2019\/04\/slider1_med-768x323.jpg 768w, https:\/\/medizinrecht.at\/home\/wp-content\/uploads\/2019\/04\/slider1_med-1030x433.jpg 1030w, https:\/\/medizinrecht.at\/home\/wp-content\/uploads\/2019\/04\/slider1_med-705x296.jpg 705w, https:\/\/medizinrecht.at\/home\/wp-content\/uploads\/2019\/04\/slider1_med-450x189.jpg 450w\" sizes=\"(max-width: 1500px) 100vw, 1500px\" \/><\/div><\/li><li  class='avia-slideshow-slide av-jtzhmnux-35-d4252c72eef51e47b2233b4efb17c55c__1  slide-2 slide-even'><div data-rel='slideshow-2' class='avia-slide-wrap '   ><img fetchpriority=\"high\" fetchpriority=\"high\" decoding=\"async\" fetchpriority=\"high\" class=\"wp-image-164 avia-img-lazy-loading-not-164\"  src=\"https:\/\/medizinrecht.at\/home\/wp-content\/uploads\/2019\/04\/slider2_med-1500x630.jpg\" width=\"1500\" height=\"630\" title='slider2_med' alt=''  itemprop=\"thumbnailUrl\" srcset=\"https:\/\/medizinrecht.at\/home\/wp-content\/uploads\/2019\/04\/slider2_med-1500x630.jpg 1500w, https:\/\/medizinrecht.at\/home\/wp-content\/uploads\/2019\/04\/slider2_med-300x126.jpg 300w, https:\/\/medizinrecht.at\/home\/wp-content\/uploads\/2019\/04\/slider2_med-768x323.jpg 768w, https:\/\/medizinrecht.at\/home\/wp-content\/uploads\/2019\/04\/slider2_med-1030x433.jpg 1030w, https:\/\/medizinrecht.at\/home\/wp-content\/uploads\/2019\/04\/slider2_med-705x296.jpg 705w, https:\/\/medizinrecht.at\/home\/wp-content\/uploads\/2019\/04\/slider2_med-450x189.jpg 450w\" sizes=\"(max-width: 1500px) 100vw, 1500px\" \/><\/div><\/li><li  class='avia-slideshow-slide av-jtzhmnux-35-d4252c72eef51e47b2233b4efb17c55c__2  slide-3 slide-odd'><div data-rel='slideshow-2' class='avia-slide-wrap '   ><img fetchpriority=\"high\" fetchpriority=\"high\" decoding=\"async\" fetchpriority=\"high\" class=\"wp-image-185 avia-img-lazy-loading-not-185\"  src=\"https:\/\/medizinrecht.at\/home\/wp-content\/uploads\/2019\/04\/slider1_med5-1500x630.jpg\" width=\"1500\" height=\"630\" title='slider1_med5' alt=''  itemprop=\"thumbnailUrl\" srcset=\"https:\/\/medizinrecht.at\/home\/wp-content\/uploads\/2019\/04\/slider1_med5-1500x630.jpg 1500w, https:\/\/medizinrecht.at\/home\/wp-content\/uploads\/2019\/04\/slider1_med5-300x126.jpg 300w, https:\/\/medizinrecht.at\/home\/wp-content\/uploads\/2019\/04\/slider1_med5-768x323.jpg 768w, https:\/\/medizinrecht.at\/home\/wp-content\/uploads\/2019\/04\/slider1_med5-1030x433.jpg 1030w, https:\/\/medizinrecht.at\/home\/wp-content\/uploads\/2019\/04\/slider1_med5-705x296.jpg 705w, https:\/\/medizinrecht.at\/home\/wp-content\/uploads\/2019\/04\/slider1_med5-450x189.jpg 450w\" sizes=\"(max-width: 1500px) 100vw, 1500px\" \/><\/div><\/li><li  class='avia-slideshow-slide av-jtzhmnux-35-d4252c72eef51e47b2233b4efb17c55c__3  slide-4 slide-even'><div data-rel='slideshow-2' class='avia-slide-wrap '   ><img fetchpriority=\"high\" fetchpriority=\"high\" decoding=\"async\" fetchpriority=\"high\" class=\"wp-image-184 avia-img-lazy-loading-not-184\"  src=\"https:\/\/medizinrecht.at\/home\/wp-content\/uploads\/2019\/04\/slider1_med4-1500x630.jpg\" width=\"1500\" height=\"630\" title='slider1_med4' alt=''  itemprop=\"thumbnailUrl\" srcset=\"https:\/\/medizinrecht.at\/home\/wp-content\/uploads\/2019\/04\/slider1_med4-1500x630.jpg 1500w, https:\/\/medizinrecht.at\/home\/wp-content\/uploads\/2019\/04\/slider1_med4-300x126.jpg 300w, https:\/\/medizinrecht.at\/home\/wp-content\/uploads\/2019\/04\/slider1_med4-768x323.jpg 768w, https:\/\/medizinrecht.at\/home\/wp-content\/uploads\/2019\/04\/slider1_med4-1030x433.jpg 1030w, https:\/\/medizinrecht.at\/home\/wp-content\/uploads\/2019\/04\/slider1_med4-705x296.jpg 705w, https:\/\/medizinrecht.at\/home\/wp-content\/uploads\/2019\/04\/slider1_med4-450x189.jpg 450w\" sizes=\"(max-width: 1500px) 100vw, 1500px\" \/><\/div><\/li><li  class='avia-slideshow-slide av-jtzhmnux-35-d4252c72eef51e47b2233b4efb17c55c__4  slide-5 slide-odd'><div data-rel='slideshow-2' class='avia-slide-wrap '   ><img fetchpriority=\"high\" fetchpriority=\"high\" decoding=\"async\" fetchpriority=\"high\" class=\"wp-image-183 avia-img-lazy-loading-not-183\"  src=\"https:\/\/medizinrecht.at\/home\/wp-content\/uploads\/2019\/04\/slider1_med3-1500x630.jpg\" width=\"1500\" height=\"630\" title='slider1_med3' alt=''  itemprop=\"thumbnailUrl\" srcset=\"https:\/\/medizinrecht.at\/home\/wp-content\/uploads\/2019\/04\/slider1_med3-1500x630.jpg 1500w, https:\/\/medizinrecht.at\/home\/wp-content\/uploads\/2019\/04\/slider1_med3-300x126.jpg 300w, https:\/\/medizinrecht.at\/home\/wp-content\/uploads\/2019\/04\/slider1_med3-768x323.jpg 768w, https:\/\/medizinrecht.at\/home\/wp-content\/uploads\/2019\/04\/slider1_med3-1030x433.jpg 1030w, https:\/\/medizinrecht.at\/home\/wp-content\/uploads\/2019\/04\/slider1_med3-705x296.jpg 705w, https:\/\/medizinrecht.at\/home\/wp-content\/uploads\/2019\/04\/slider1_med3-450x189.jpg 450w\" sizes=\"(max-width: 1500px) 100vw, 1500px\" \/><\/div><\/li><\/ul><div class='avia-slideshow-arrows avia-slideshow-controls' ><a href='#prev' class='prev-slide ' aria-hidden='true' data-av_icon='\ue87c' data-av_iconfont='entypo-fontello'  tabindex='-1'>Zur\u00fcck<\/a><a href='#next' class='next-slide ' aria-hidden='true' data-av_icon='\ue87d' data-av_iconfont='entypo-fontello'  tabindex='-1'>Weiter<\/a><\/div><div class='avia-slideshow-dots avia-slideshow-controls'><a href='#1' class='goto-slide active' >1<\/a><a href='#2' class='goto-slide ' >2<\/a><a href='#3' class='goto-slide ' >3<\/a><a href='#4' class='goto-slide ' >4<\/a><a href='#5' class='goto-slide ' >5<\/a><\/div><\/div><\/div><div id='after_full_slider_2'  class='main_color av_default_container_wrap container_wrap fullsize'  ><div class='container av-section-cont-open' ><div class='template-page content  av-content-full alpha units'><div class='post-entry post-entry-type-page post-entry-2'><div class='entry-content-wrapper clearfix'>\n\n<style type=\"text\/css\" data-created_by=\"avia_inline_auto\" id=\"style-css-av-jtzkblo2-23-b101fc3df09fdb0b7656139b7168dc77\">\n#top .hr.hr-invisible.av-jtzkblo2-23-b101fc3df09fdb0b7656139b7168dc77{\nheight:50px;\n}\n<\/style>\n<div  class='hr av-jtzkblo2-23-b101fc3df09fdb0b7656139b7168dc77 hr-invisible  avia-builder-el-22  el_after_av_slideshow_full  el_before_av_section  avia-builder-el-no-sibling '><span class='hr-inner '><span class=\"hr-inner-style\"><\/span><\/span><\/div>\n<\/div><\/div><\/div><!-- close content main div --><\/div><\/div><div id='downloadbereich'  class='avia-section av-ju0wq2p1-66259b236f84c6191829aa0c4f3a81fc main_color avia-section-default avia-no-border-styling  avia-builder-el-23  el_after_av_hr  el_before_av_section  avia-bg-style-scroll container_wrap fullsize'  ><div class='container av-section-cont-open' ><div class='template-page content  av-content-full alpha units'><div class='post-entry post-entry-type-page post-entry-2'><div class='entry-content-wrapper clearfix'>\n\n<style type=\"text\/css\" data-created_by=\"avia_inline_auto\" id=\"style-css-av-jtzjhq3d-30-1ce1afddf8929388a29be45c41f03e7c\">\n#top .av_textblock_section.av-jtzjhq3d-30-1ce1afddf8929388a29be45c41f03e7c .avia_textblock{\ncolor:#cccccc;\n}\n<\/style>\n<section  class='av_textblock_section av-jtzjhq3d-30-1ce1afddf8929388a29be45c41f03e7c '   itemscope=\"itemscope\" itemtype=\"https:\/\/schema.org\/CreativeWork\" ><div class='avia_textblock av_inherit_color'  itemprop=\"text\" ><h1 style=\"text-align: center;\">DOWNLOADBEREICH<\/h1>\n<\/div><\/section>\n\n<style type=\"text\/css\" data-created_by=\"avia_inline_auto\" id=\"style-css-av-jtzkblo2-22-d08683bc2e3c67230591cbad817a3dba\">\n#top .hr.av-jtzkblo2-22-d08683bc2e3c67230591cbad817a3dba{\nmargin-top:20;\nmargin-bottom:50;\n}\n.hr.av-jtzkblo2-22-d08683bc2e3c67230591cbad817a3dba .hr-inner{\nwidth:15%;\nborder-color:#cccccc;\n}\n<\/style>\n<div  class='hr av-jtzkblo2-22-d08683bc2e3c67230591cbad817a3dba hr-custom  avia-builder-el-25  el_after_av_textblock  el_before_av_hr  hr-center hr-icon-no'><span class='hr-inner inner-border-av-border-fat'><span class=\"hr-inner-style\"><\/span><\/span><\/div>\n\n<style type=\"text\/css\" data-created_by=\"avia_inline_auto\" id=\"style-css-av-jtzkblo2-20-373141ddd05286a979e10d4a5fc59865\">\n#top .hr.hr-invisible.av-jtzkblo2-20-373141ddd05286a979e10d4a5fc59865{\nheight:50px;\n}\n<\/style>\n<div  class='hr av-jtzkblo2-20-373141ddd05286a979e10d4a5fc59865 hr-invisible  avia-builder-el-26  el_after_av_hr  el_before_av_textblock '><span class='hr-inner '><span class=\"hr-inner-style\"><\/span><\/span><\/div>\n\n<style type=\"text\/css\" data-created_by=\"avia_inline_auto\" id=\"style-css-av-jtzjhq3d-21-41b2948952037f02296cda527617fa4d\">\n#top .av_textblock_section.av-jtzjhq3d-21-41b2948952037f02296cda527617fa4d .avia_textblock{\ncolor:#cccccc;\n}\n<\/style>\n<section  class='av_textblock_section av-jtzjhq3d-21-41b2948952037f02296cda527617fa4d '   itemscope=\"itemscope\" itemtype=\"https:\/\/schema.org\/CreativeWork\" ><div class='avia_textblock av_inherit_color'  itemprop=\"text\" ><h3 style=\"text-align: center;\">KOLLEKTIVVERTR\u00c4GE<\/h3>\n<\/div><\/section>\n\n<style type=\"text\/css\" data-created_by=\"avia_inline_auto\" id=\"style-css-av-jtzm3ui8-6a727520322a03d804bad4852ed3b6a9\">\n.avia-icon-grid-container.av-jtzm3ui8-6a727520322a03d804bad4852ed3b6a9 .avia-icongrid{\njustify-content:space-between;\n}\n.avia-icon-grid-container.av-jtzm3ui8-6a727520322a03d804bad4852ed3b6a9 .avia-icongrid-wrapper .avia-icongrid-icon{\ncolor:#cccccc;\n}\n.avia-icon-grid-container.av-jtzm3ui8-6a727520322a03d804bad4852ed3b6a9 .avia-icongrid-wrapper .icongrid_title{\ncolor:#cccccc;\n}\n.avia-icon-grid-container.av-jtzm3ui8-6a727520322a03d804bad4852ed3b6a9 .avia-icongrid-wrapper .icongrid_subtitle{\ncolor:#cccccc;\n}\n.avia-icon-grid-container.av-jtzm3ui8-6a727520322a03d804bad4852ed3b6a9 .avia-icongrid-wrapper .avia-icongrid-content .avia-icongrid-text{\ncolor:#cccccc;\n}\n.avia-icon-grid-container.av-jtzm3ui8-6a727520322a03d804bad4852ed3b6a9 .avia-icongrid-wrapper .avia-icongrid-flipback .avia-icongrid-text{\ncolor:#cccccc;\n}\n<\/style>\n<div  class='avia-icon-grid-container av-jtzm3ui8-6a727520322a03d804bad4852ed3b6a9  avia-builder-el-28  el_after_av_textblock  el_before_av_hr ' ><ul id='avia-icongrid-69f5d0a952f3c' class='avia-icongrid clearfix avia_animate_when_almost_visible avia-icongrid-flipbox avia-icongrid-numrow-3 avia-cell-space-between av-flex-cells av-break-767 av-can-break-50'>\n<li class='av-icon-cell-item av-row-with-3-cells av-row-nr-1 av-cell-1 av-first-cell-row av-first-cell-item'><a href='https:\/\/medizinrecht.at\/home\/wp-content\/uploads\/2025\/07\/orden_kollektivvertrag_2025.pdf' title='KV Ordenspit\u00e4ler'  target=\"_blank\"  rel=\"noopener noreferrer\" class='avia-icongrid-wrapper av-9gw-cdf4bb16a3b5439fd9943f6e0fbb8ea7'><article class='article-icon-entry '  itemscope=\"itemscope\" itemtype=\"https:\/\/schema.org\/CreativeWork\" ><div class='avia-icongrid-front '><div class=\"avia-icongrid-inner\"><div class='avia-icongrid-icon avia-font-entypo-fontello'><span class='icongrid-char' aria-hidden='true' data-av_icon='\ue84e' data-av_iconfont='entypo-fontello'><\/span><\/div><header class=\"entry-content-header\"><h4 class='av_icongrid_title icongrid_title '  itemprop=\"headline\" >KV Ordenspit\u00e4ler<\/h4><h6 class='av_icongrid_subtitle icongrid_subtitle' ><p>2025<\/p>\n<\/h6><\/header><\/div><\/div><div class='avia-icongrid-flipback '><div class=\"avia-icongrid-inner\"><div class='avia-icongrid-text'  itemprop=\"text\" ><p>KV O\u00f6. Ordensspit\u00e4ler<\/p>\n<\/div><\/div><\/div><\/article><\/a><\/li>\n<li class='av-icon-cell-item av-row-with-3-cells av-row-nr-1 av-cell-2 av-first-cell-row av-inner-cell-item'><a href='https:\/\/medizinrecht.at\/home\/wp-content\/uploads\/2025\/10\/Zusatz-KV_01012025_Zweckzuschuss_.pdf' title='ZKV Ordensspit\u00e4ler'  target=\"_blank\"  rel=\"noopener noreferrer\" class='avia-icongrid-wrapper av-9gw-1-e6b88caa152326290a1880a80b01d3d2'><article class='article-icon-entry '  itemscope=\"itemscope\" itemtype=\"https:\/\/schema.org\/CreativeWork\" ><div class='avia-icongrid-front '><div class=\"avia-icongrid-inner\"><div class='avia-icongrid-icon avia-font-entypo-fontello'><span class='icongrid-char' aria-hidden='true' data-av_icon='\ue84e' data-av_iconfont='entypo-fontello'><\/span><\/div><header class=\"entry-content-header\"><h4 class='av_icongrid_title icongrid_title '  itemprop=\"headline\" >ZKV Ordensspit\u00e4ler<\/h4><h6 class='av_icongrid_subtitle icongrid_subtitle' ><p>2025<\/p>\n<\/h6><\/header><\/div><\/div><div class='avia-icongrid-flipback '><div class=\"avia-icongrid-inner\"><div class='avia-icongrid-text'  itemprop=\"text\" ><p>ZKV O\u00f6. Ordensspit\u00e4ler<\/p>\n<\/div><\/div><\/div><\/article><\/a><\/li>\n<li class='av-icon-cell-item av-row-with-3-cells av-row-nr-1 av-cell-3 av-first-cell-row av-last-cell-item'><a href='https:\/\/medizinrecht.at\/home\/wp-content\/uploads\/2025\/03\/APH-KV-2025-Endversion-01_01_2025-unterfertigt.pdf' title='KV APH 2025'  target=\"_blank\"  rel=\"noopener noreferrer\" class='avia-icongrid-wrapper av-46uc-b8fd8b777996af1dac70c75078a73d81'><article class='article-icon-entry '  itemscope=\"itemscope\" itemtype=\"https:\/\/schema.org\/CreativeWork\" ><div class='avia-icongrid-front '><div class=\"avia-icongrid-inner\"><div class='avia-icongrid-icon avia-font-entypo-fontello'><span class='icongrid-char' aria-hidden='true' data-av_icon='\ue84e' data-av_iconfont='entypo-fontello'><\/span><\/div><header class=\"entry-content-header\"><h4 class='av_icongrid_title icongrid_title '  itemprop=\"headline\" >KV APH 2025<\/h4><h6 class='av_icongrid_subtitle icongrid_subtitle' ><p>2025<\/p>\n<\/h6><\/header><\/div><\/div><div class='avia-icongrid-flipback '><div class=\"avia-icongrid-inner\"><div class='avia-icongrid-text'  itemprop=\"text\" ><p>KV O\u00f6. Alten- und Pflegeheime<\/p>\n<\/div><\/div><\/div><\/article><\/a><\/li>\n<li class='av-icon-cell-item av-row-with-3-cells av-row-nr-2 av-cell-1 av-next-cell-row av-first-cell-item'><a href='https:\/\/medizinrecht.at\/home\/wp-content\/uploads\/2025\/03\/Zusatz-APH-Zusatz-APH-KV-2025-Endversion-01_01_2025.pdf' title='ZKV APH 2025'  target=\"_blank\"  rel=\"noopener noreferrer\" class='avia-icongrid-wrapper av-9gw-2-ad391afeea890ffa9c48d91f5f091ece'><article class='article-icon-entry '  itemscope=\"itemscope\" itemtype=\"https:\/\/schema.org\/CreativeWork\" ><div class='avia-icongrid-front '><div class=\"avia-icongrid-inner\"><div class='avia-icongrid-icon avia-font-entypo-fontello'><span class='icongrid-char' aria-hidden='true' data-av_icon='\ue84e' data-av_iconfont='entypo-fontello'><\/span><\/div><header class=\"entry-content-header\"><h4 class='av_icongrid_title icongrid_title '  itemprop=\"headline\" >ZKV APH 2025<\/h4><h6 class='av_icongrid_subtitle icongrid_subtitle' ><p>2025<\/p>\n<\/h6><\/header><\/div><\/div><div class='avia-icongrid-flipback '><div class=\"avia-icongrid-inner\"><div class='avia-icongrid-text'  itemprop=\"text\" ><p>ZKV Konfessionelle Alten- und Pflegeheime<\/p>\n<\/div><\/div><\/div><\/article><\/a><\/li>\n<li class='av-icon-cell-item av-row-with-3-cells av-row-nr-2 av-cell-2 av-next-cell-row av-inner-cell-item'><a href='https:\/\/medizinrecht.at\/home\/wp-content\/uploads\/2025\/11\/AerzteKV-Orden-2025.pdf' title='\u00c4KV Ordensspit\u00e4ler 2025'  class='avia-icongrid-wrapper av-m1ud7rk6-6f6e9d9720e1a95a32dd270799375acf'><article class='article-icon-entry '  itemscope=\"itemscope\" itemtype=\"https:\/\/schema.org\/CreativeWork\" ><div class='avia-icongrid-front '><div class=\"avia-icongrid-inner\"><div class='avia-icongrid-icon avia-font-entypo-fontello'><span class='icongrid-char' aria-hidden='true' data-av_icon='\ue84e' data-av_iconfont='entypo-fontello'><\/span><\/div><header class=\"entry-content-header\"><h4 class='av_icongrid_title icongrid_title '  itemprop=\"headline\" >\u00c4KV Ordensspit\u00e4ler 2025<\/h4><h6 class='av_icongrid_subtitle icongrid_subtitle' ><p>2025<\/p>\n<\/h6><\/header><\/div><\/div><div class='avia-icongrid-flipback '><div class=\"avia-icongrid-inner\"><div class='avia-icongrid-text'  itemprop=\"text\" ><p>\u00c4KV der O\u00f6. Ordensspit\u00e4ler 2025<\/p>\n<\/div><\/div><\/div><\/article><\/a><\/li>\n<\/ul><\/div>\n\n<style type=\"text\/css\" data-created_by=\"avia_inline_auto\" id=\"style-css-av-jtzkblo2-19-80303239abf9b122a9d7af494c10b888\">\n#top .hr.hr-invisible.av-jtzkblo2-19-80303239abf9b122a9d7af494c10b888{\nheight:50px;\n}\n<\/style>\n<div  class='hr av-jtzkblo2-19-80303239abf9b122a9d7af494c10b888 hr-invisible  avia-builder-el-29  el_after_av_icongrid  el_before_av_textblock '><span class='hr-inner '><span class=\"hr-inner-style\"><\/span><\/span><\/div>\n<section  class='av_textblock_section av-jtzjhq3d-18-1c2ca690612b994c2bb6007e7c2b4b97 '   itemscope=\"itemscope\" itemtype=\"https:\/\/schema.org\/CreativeWork\" ><div class='avia_textblock av_inherit_color'  itemprop=\"text\" ><h3 style=\"text-align: center;\">PUBLIKATIONEN<\/h3>\n<\/div><\/section>\n\n<style type=\"text\/css\" data-created_by=\"avia_inline_auto\" id=\"style-css-av-jtzm3ui8-17-eee2a81f0f3d13adbc2e3e27eff3f0fe\">\n.avia-icon-grid-container.av-jtzm3ui8-17-eee2a81f0f3d13adbc2e3e27eff3f0fe .avia-icongrid{\njustify-content:space-between;\n}\n.avia-icon-grid-container.av-jtzm3ui8-17-eee2a81f0f3d13adbc2e3e27eff3f0fe .avia-icongrid-wrapper .icongrid_title{\nfont-size:15px;\n}\n.avia-icon-grid-container.av-jtzm3ui8-17-eee2a81f0f3d13adbc2e3e27eff3f0fe .avia-icongrid-wrapper .icongrid_subtitle{\nfont-size:11px;\n}\n<\/style>\n<div  class='avia-icon-grid-container av-jtzm3ui8-17-eee2a81f0f3d13adbc2e3e27eff3f0fe  avia-builder-el-31  el_after_av_textblock  avia-builder-el-last ' ><ul id='avia-icongrid-69f5d0a95687f' class='avia-icongrid clearfix avia_animate_when_almost_visible avia-icongrid-tooltip avia-icongrid-numrow-5 avia-cell-space-between av-flex-cells av-break-767 av-can-break-50'>\n<li class='av-icon-cell-item av-row-with-5-cells av-row-nr-1 av-cell-1 av-first-cell-row av-first-cell-item'><a href='https:\/\/medizinrecht.at\/home\/wp-content\/uploads\/2026\/02\/JMG_2025.pdf' title='Zeitliche Anforderungen an die An\u00e4sthesieaufkl\u00e4rung'  target=\"_blank\"  rel=\"noopener noreferrer\" class='avia-icongrid-wrapper av-49ou-1-1-1-1-f0e2e23bad6f5e4d107d8fca1aa241fd'><article class='article-icon-entry '  itemscope=\"itemscope\" itemtype=\"https:\/\/schema.org\/CreativeWork\" ><div class='avia-icongrid-front '><div class=\"avia-icongrid-inner\"><div class='avia-icongrid-icon avia-font-entypo-fontello'><span class='icongrid-char' aria-hidden='true' data-av_icon='\ue84f' data-av_iconfont='entypo-fontello'><\/span><\/div><header class=\"entry-content-header\"><h4 class='av_icongrid_title icongrid_title '  itemprop=\"headline\" >Zeitliche Anforderungen an die An\u00e4sthesieaufkl\u00e4rung<\/h4><h6 class='av_icongrid_subtitle icongrid_subtitle' ><p>2025<\/p>\n<\/h6><\/header><\/div><\/div><div class='avia-icongrid-content' data-class-flipback=''><div class=\"avia-icongrid-inner\"><div class='avia-icongrid-text'  itemprop=\"text\" ><p><i>Huber\/Dietrich<\/i>, Zeitliche Anforderungen an die An\u00e4sthesieaufkl\u00e4rung, JMG 2025\/392;<\/p>\n<\/div><\/div><\/div><\/article><\/a><\/li>\n<li class='av-icon-cell-item av-row-with-5-cells av-row-nr-1 av-cell-2 av-first-cell-row av-inner-cell-item'><a href='https:\/\/medizinrecht.at\/home\/wp-content\/uploads\/2025\/10\/Huber_Dietrich_Fernaufklaerung_JMG.pdf' title='Rechtsfragen der Fernaufkl\u00e4rung'  target=\"_blank\"  rel=\"noopener noreferrer\" class='avia-icongrid-wrapper av-49ou-1-d5f93e9fb495cd57c94790a8b7eea818'><article class='article-icon-entry '  itemscope=\"itemscope\" itemtype=\"https:\/\/schema.org\/CreativeWork\" ><div class='avia-icongrid-front '><div class=\"avia-icongrid-inner\"><div class='avia-icongrid-icon avia-font-entypo-fontello'><span class='icongrid-char' aria-hidden='true' data-av_icon='\ue84f' data-av_iconfont='entypo-fontello'><\/span><\/div><header class=\"entry-content-header\"><h4 class='av_icongrid_title icongrid_title '  itemprop=\"headline\" >Rechtsfragen der Fernaufkl\u00e4rung<\/h4><h6 class='av_icongrid_subtitle icongrid_subtitle' ><p>2024<\/p>\n<\/h6><\/header><\/div><\/div><div class='avia-icongrid-content' data-class-flipback=''><div class=\"avia-icongrid-inner\"><div class='avia-icongrid-text'  itemprop=\"text\" ><p><i>Huber\/Dietrich<\/i>, Rechtsfragen der Fernaufkl\u00e4rung; JMG 2024, 322.<\/p>\n<\/div><\/div><\/div><\/article><\/a><\/li>\n<li class='av-icon-cell-item av-row-with-5-cells av-row-nr-1 av-cell-3 av-first-cell-row av-inner-cell-item'><a href='https:\/\/medizinrecht.at\/home\/wp-content\/uploads\/2025\/10\/Rechtmaessiges-Alternativverhalten-2024.pdf' title='Rechtm\u00e4\u00dfiges Alternativverhalten bei \u00c4sthOpG-Aufkl\u00e4rungsm\u00e4ngeln'  target=\"_blank\"  rel=\"noopener noreferrer\" class='avia-icongrid-wrapper av-49ou-1-1-1-882941ad2cfc02b701dc81e9bc2cd592'><article class='article-icon-entry '  itemscope=\"itemscope\" itemtype=\"https:\/\/schema.org\/CreativeWork\" ><div class='avia-icongrid-front '><div class=\"avia-icongrid-inner\"><div class='avia-icongrid-icon avia-font-entypo-fontello'><span class='icongrid-char' aria-hidden='true' data-av_icon='\ue84f' data-av_iconfont='entypo-fontello'><\/span><\/div><header class=\"entry-content-header\"><h4 class='av_icongrid_title icongrid_title '  itemprop=\"headline\" >Rechtm\u00e4\u00dfiges Alternativverhalten bei \u00c4sthOpG-Aufkl\u00e4rungsm\u00e4ngeln<\/h4><h6 class='av_icongrid_subtitle icongrid_subtitle' ><p>2024<\/p>\n<\/h6><\/header><\/div><\/div><div class='avia-icongrid-content' data-class-flipback=''><div class=\"avia-icongrid-inner\"><div class='avia-icongrid-text'  itemprop=\"text\" ><p><i>Huber\/Dietrich<\/i>, Rechtm\u00e4\u00dfiges Alternativverhalten bei \u00c4sthOpG-Aufkl\u00e4rungsm\u00e4ngeln, RdM 2024\/53<\/p>\n<\/div><\/div><\/div><\/article><\/a><\/li>\n<li class='av-icon-cell-item av-row-with-5-cells av-row-nr-1 av-cell-4 av-first-cell-row av-inner-cell-item'><a href='https:\/\/medizinrecht.at\/home\/wp-content\/uploads\/2025\/10\/Dienstgeberhaftungsprivileg_Reha.pdf' title='Dienstgeberhaftungsprivileg f\u00fcr Einrichtungen der medizinischen Rehabilitation oder Gesundheitsvorsorge'  target=\"_blank\"  rel=\"noopener noreferrer\" class='avia-icongrid-wrapper av-49ou-1-1-815a3a6602add69bc719dc73960bff1f'><article class='article-icon-entry '  itemscope=\"itemscope\" itemtype=\"https:\/\/schema.org\/CreativeWork\" ><div class='avia-icongrid-front '><div class=\"avia-icongrid-inner\"><div class='avia-icongrid-icon avia-font-entypo-fontello'><span class='icongrid-char' aria-hidden='true' data-av_icon='\ue84f' data-av_iconfont='entypo-fontello'><\/span><\/div><header class=\"entry-content-header\"><h4 class='av_icongrid_title icongrid_title '  itemprop=\"headline\" >Dienstgeberhaftungsprivileg f\u00fcr Einrichtungen der medizinischen Rehabilitation oder Gesundheitsvorsorge<\/h4><h6 class='av_icongrid_subtitle icongrid_subtitle' ><p>2024<\/p>\n<\/h6><\/header><\/div><\/div><div class='avia-icongrid-content' data-class-flipback=''><div class=\"avia-icongrid-inner\"><div class='avia-icongrid-text'  itemprop=\"text\" ><p><i>Huber\/Dietrich<\/i>, Dienstgeberhaftungsprivileg f\u00fcr Einrichtungen der medizinischen Rehabilitation oder Gesundheitsvorsorge, JAS 2024, 250<\/p>\n<\/div><\/div><\/div><\/article><\/a><\/li>\n<li class='av-icon-cell-item av-row-with-5-cells av-row-nr-1 av-cell-5 av-first-cell-row av-last-cell-item'><a href='https:\/\/medizinrecht.at\/home\/wp-content\/uploads\/2024\/08\/Fristenstreit_DiePresse.pdf' title='Die Presse: Fristenstreit neu aufgetischt'  target=\"_blank\"  rel=\"noopener noreferrer\" class='avia-icongrid-wrapper av-2rte-14-1-1-1-835b56d0e387e3e91b010348adc3ab4c'><article class='article-icon-entry '  itemscope=\"itemscope\" itemtype=\"https:\/\/schema.org\/CreativeWork\" ><div class='avia-icongrid-front '><div class=\"avia-icongrid-inner\"><div class='avia-icongrid-icon avia-font-entypo-fontello'><span class='icongrid-char' aria-hidden='true' data-av_icon='\ue84f' data-av_iconfont='entypo-fontello'><\/span><\/div><header class=\"entry-content-header\"><h4 class='av_icongrid_title icongrid_title '  itemprop=\"headline\" >Die Presse: Fristenstreit neu aufgetischt<\/h4><h6 class='av_icongrid_subtitle icongrid_subtitle' ><p>2024<\/p>\n<\/h6><\/header><\/div><\/div><div class='avia-icongrid-content' data-class-flipback=''><div class=\"avia-icongrid-inner\"><div class='avia-icongrid-text'  itemprop=\"text\" ><p class=\"p1\">Prof. Dr. Gerhard W. Huber LL.M., PM.ME und Dr. Jakob Dietrich: Fristenstreit neu aufgetischt (Die Presse 08.072024)<\/p>\n<\/div><\/div><\/div><\/article><\/a><\/li>\n<li class='av-icon-cell-item av-row-with-5-cells av-row-nr-2 av-cell-1 av-next-cell-row av-first-cell-item'><a href='https:\/\/medizinrecht.at\/home\/wp-content\/uploads\/2024\/08\/Das-Gesundheitshotel-im-Spannungsfeld.pdf' title='Das Gesundheitshotel im Spannungsfeld medizinischer Betriebsformen'  target=\"_blank\"  rel=\"noopener noreferrer\" class='avia-icongrid-wrapper av-49ou-0bf76132c8c3417e10079137f6c130cc'><article class='article-icon-entry '  itemscope=\"itemscope\" itemtype=\"https:\/\/schema.org\/CreativeWork\" ><div class='avia-icongrid-front '><div class=\"avia-icongrid-inner\"><div class='avia-icongrid-icon avia-font-entypo-fontello'><span class='icongrid-char' aria-hidden='true' data-av_icon='\ue84f' data-av_iconfont='entypo-fontello'><\/span><\/div><header class=\"entry-content-header\"><h4 class='av_icongrid_title icongrid_title '  itemprop=\"headline\" >Das Gesundheitshotel im Spannungsfeld medizinischer Betriebsformen<\/h4><h6 class='av_icongrid_subtitle icongrid_subtitle' ><p>2024<\/p>\n<\/h6><\/header><\/div><\/div><div class='avia-icongrid-content' data-class-flipback=''><div class=\"avia-icongrid-inner\"><div class='avia-icongrid-text'  itemprop=\"text\" ><p><i>Huber\/Dietrich<\/i>, Das Gesundheitshotel im Spannungsfeld medizinischer Betriebsformen, RdM 2024\/02;<\/p>\n<\/div><\/div><\/div><\/article><\/a><\/li>\n<li class='av-icon-cell-item av-row-with-5-cells av-row-nr-2 av-cell-2 av-next-cell-row av-inner-cell-item'><a href='https:\/\/medizinrecht.at\/home\/wp-content\/uploads\/2024\/08\/Ablauf_und_Verfalldatum_von_PSA_und_Medizinprodukten.pdf' title='Ablauf- und Verfallsdatum von pers\u00f6nlicher Schutzausr\u00fcstung und Medizinprodukten'  target=\"_blank\"  rel=\"noopener noreferrer\" class='avia-icongrid-wrapper av-2rte-14-1-1-1-1-985e4508bac0b774013d506d5cb64e74'><article class='article-icon-entry '  itemscope=\"itemscope\" itemtype=\"https:\/\/schema.org\/CreativeWork\" ><div class='avia-icongrid-front '><div class=\"avia-icongrid-inner\"><div class='avia-icongrid-icon avia-font-entypo-fontello'><span class='icongrid-char' aria-hidden='true' data-av_icon='\ue84f' data-av_iconfont='entypo-fontello'><\/span><\/div><header class=\"entry-content-header\"><h4 class='av_icongrid_title icongrid_title '  itemprop=\"headline\" >Ablauf- und Verfallsdatum von pers\u00f6nlicher Schutzausr\u00fcstung und Medizinprodukten<\/h4><h6 class='av_icongrid_subtitle icongrid_subtitle' ><p>2023<\/p>\n<\/h6><\/header><\/div><\/div><div class='avia-icongrid-content' data-class-flipback=''><div class=\"avia-icongrid-inner\"><div class='avia-icongrid-text'  itemprop=\"text\" ><p>Jakob Dietrich: Ablauf- und Verfallsdatum von pers\u00f6nlicher Schutzausr\u00fcstung und Medizinprodukten (RdM 06\/2023)<\/p>\n<\/div><\/div><\/div><\/article><\/a><\/li>\n<li class='av-icon-cell-item av-row-with-5-cells av-row-nr-2 av-cell-3 av-next-cell-row av-inner-cell-item'><a href='https:\/\/medizinrecht.at\/home\/wp-content\/uploads\/2024\/01\/entscheidungsanmerkung-OGH6Ob7822x.pdf' title='Entscheidungsanmerkung OGH 6 Ob 78\/22x '  target=\"_blank\"  rel=\"noopener noreferrer\" class='avia-icongrid-wrapper av-lr68rip2-7545d9e52b2351f15c43e650031c17e1'><article class='article-icon-entry '  itemscope=\"itemscope\" itemtype=\"https:\/\/schema.org\/CreativeWork\" ><div class='avia-icongrid-front '><div class=\"avia-icongrid-inner\"><div class='avia-icongrid-icon avia-font-entypo-fontello'><span class='icongrid-char' aria-hidden='true' data-av_icon='\ue84f' data-av_iconfont='entypo-fontello'><\/span><\/div><header class=\"entry-content-header\"><h4 class='av_icongrid_title icongrid_title '  itemprop=\"headline\" >Entscheidungsanmerkung OGH 6 Ob 78\/22x <\/h4><h6 class='av_icongrid_subtitle icongrid_subtitle' ><p>2023<\/p>\n<\/h6><\/header><\/div><\/div><div class='avia-icongrid-content' data-class-flipback=''><div class=\"avia-icongrid-inner\"><div class='avia-icongrid-text'  itemprop=\"text\" ><p>Dietrich J., Huber G.: Entscheidungsanmerkung OGH 6 Ob 78\/22x \u2013 Beginn der Verj\u00e4hrungsfrist und Erkundigungsobliegenheit des Gesch\u00e4digten, RdM 2023\/33<\/p>\n<\/div><\/div><\/div><\/article><\/a><\/li>\n<li class='av-icon-cell-item av-row-with-5-cells av-row-nr-2 av-cell-4 av-next-cell-row av-inner-cell-item'><a href='https:\/\/medizinrecht.at\/home\/wp-content\/uploads\/2024\/01\/medizin-gesundheitsrecht-sept23-heft3.pdf' title='Tun oder Unterlassen als Kriterien f\u00fcr eine Anklage'  target=\"_blank\"  rel=\"noopener noreferrer\" class='avia-icongrid-wrapper av-2rte-14-1-1-7de978fbd5334ef5190e15f1e7e3a0c4'><article class='article-icon-entry '  itemscope=\"itemscope\" itemtype=\"https:\/\/schema.org\/CreativeWork\" ><div class='avia-icongrid-front '><div class=\"avia-icongrid-inner\"><div class='avia-icongrid-icon avia-font-entypo-fontello'><span class='icongrid-char' aria-hidden='true' data-av_icon='\ue84f' data-av_iconfont='entypo-fontello'><\/span><\/div><header class=\"entry-content-header\"><h4 class='av_icongrid_title icongrid_title '  itemprop=\"headline\" >Tun oder Unterlassen als Kriterien f\u00fcr eine Anklage<\/h4><h6 class='av_icongrid_subtitle icongrid_subtitle' ><p>2023<\/p>\n<\/h6><\/header><\/div><\/div><div class='avia-icongrid-content' data-class-flipback=''><div class=\"avia-icongrid-inner\"><div class='avia-icongrid-text'  itemprop=\"text\" ><p>Dietrich J., Huber G.: Tun oder Unterlassen als Kriterien f\u00fcr eine Anklage, JMG 2023,258<\/p>\n<\/div><\/div><\/div><\/article><\/a><\/li>\n<li class='av-icon-cell-item av-row-with-5-cells av-row-nr-2 av-cell-5 av-next-cell-row av-last-cell-item'><a href='https:\/\/medizinrecht.at\/home\/wp-content\/uploads\/2023\/07\/RdM_2023-03-94-neu.pdf' title='Finanzielle Teilhabe an Gesundheitsleistungen (II)'  target=\"_blank\"  rel=\"noopener noreferrer\" class='avia-icongrid-wrapper av-2rte-14-1-1d08b0cc2e07c6c67da6c8fd8f5d7429'><article class='article-icon-entry '  itemscope=\"itemscope\" itemtype=\"https:\/\/schema.org\/CreativeWork\" ><div class='avia-icongrid-front '><div class=\"avia-icongrid-inner\"><div class='avia-icongrid-icon avia-font-entypo-fontello'><span class='icongrid-char' aria-hidden='true' data-av_icon='\ue84f' data-av_iconfont='entypo-fontello'><\/span><\/div><header class=\"entry-content-header\"><h4 class='av_icongrid_title icongrid_title '  itemprop=\"headline\" >Finanzielle Teilhabe an Gesundheitsleistungen (II)<\/h4><h6 class='av_icongrid_subtitle icongrid_subtitle' ><p>2023<\/p>\n<\/h6><\/header><\/div><\/div><div class='avia-icongrid-content' data-class-flipback=''><div class=\"avia-icongrid-inner\"><div class='avia-icongrid-text'  itemprop=\"text\" ><p>Dietrich J., Huber G.:\u00a0Finanzielle Teilhabe an Gesundheitsleistungen (II), RdM 2023\/21<\/p>\n<\/div><\/div><\/div><\/article><\/a><\/li>\n<li class='av-icon-cell-item av-row-with-5-cells av-row-nr-3 av-cell-1 av-next-cell-row av-first-cell-item'><a href='https:\/\/medizinrecht.at\/home\/wp-content\/uploads\/2023\/07\/RdM_2023-02-43.pdf' title='Finanzielle Teilhabe an Gesundheitsleistungen (I)'  target=\"_blank\"  rel=\"noopener noreferrer\" class='avia-icongrid-wrapper av-2rte-14-101959c4deaa580638afa215ec6363f6'><article class='article-icon-entry '  itemscope=\"itemscope\" itemtype=\"https:\/\/schema.org\/CreativeWork\" ><div class='avia-icongrid-front '><div class=\"avia-icongrid-inner\"><div class='avia-icongrid-icon avia-font-entypo-fontello'><span class='icongrid-char' aria-hidden='true' data-av_icon='\ue84f' data-av_iconfont='entypo-fontello'><\/span><\/div><header class=\"entry-content-header\"><h4 class='av_icongrid_title icongrid_title '  itemprop=\"headline\" >Finanzielle Teilhabe an Gesundheitsleistungen (I)<\/h4><h6 class='av_icongrid_subtitle icongrid_subtitle' ><p>2023<\/p>\n<\/h6><\/header><\/div><\/div><div class='avia-icongrid-content' data-class-flipback=''><div class=\"avia-icongrid-inner\"><div class='avia-icongrid-text'  itemprop=\"text\" ><p>Dietrich J., Huber G.: Finanzielle Teilhabe an Gesundheitsleistungen (I), RdM 2023\/10<\/p>\n<\/div><\/div><\/div><\/article><\/a><\/li>\n<li class='av-icon-cell-item av-row-with-5-cells av-row-nr-3 av-cell-2 av-next-cell-row av-inner-cell-item'><a href='https:\/\/medizinrecht.at\/home\/wp-content\/uploads\/2022\/11\/RdM_2022-05-dietrich.pdf' title='Laienmedizin ohne Arztbeteiligung'  target=\"_blank\"  rel=\"noopener noreferrer\" class='avia-icongrid-wrapper av-2rte-e5dee024a03b1302b417373ced4f38cd'><article class='article-icon-entry '  itemscope=\"itemscope\" itemtype=\"https:\/\/schema.org\/CreativeWork\" ><div class='avia-icongrid-front '><div class=\"avia-icongrid-inner\"><div class='avia-icongrid-icon avia-font-entypo-fontello'><span class='icongrid-char' aria-hidden='true' data-av_icon='\ue84f' data-av_iconfont='entypo-fontello'><\/span><\/div><header class=\"entry-content-header\"><h4 class='av_icongrid_title icongrid_title '  itemprop=\"headline\" >Laienmedizin ohne Arztbeteiligung<\/h4><h6 class='av_icongrid_subtitle icongrid_subtitle' ><p>2022<\/p>\n<\/h6><\/header><\/div><\/div><div class='avia-icongrid-content' data-class-flipback=''><div class=\"avia-icongrid-inner\"><div class='avia-icongrid-text'  itemprop=\"text\" ><p>Laienmedizin ohne Arztbeteiligung, Jakob Dietrich, RdM 2022-5<\/p>\n<\/div><\/div><\/div><\/article><\/a><\/li>\n<li class='av-icon-cell-item av-row-with-5-cells av-row-nr-3 av-cell-3 av-next-cell-row av-inner-cell-item'><a href='https:\/\/medizinrecht.at\/home\/wp-content\/uploads\/2023\/01\/2022-Auszug_HebG_GmundKomm.pdf' title='Auszug_HebG_GmundKomm'  target=\"_blank\"  rel=\"noopener noreferrer\" class='avia-icongrid-wrapper av-lda5xt56-e94000a33343a36a631a51cbb6861593'><article class='article-icon-entry '  itemscope=\"itemscope\" itemtype=\"https:\/\/schema.org\/CreativeWork\" ><div class='avia-icongrid-front '><div class=\"avia-icongrid-inner\"><div class='avia-icongrid-icon avia-font-entypo-fontello'><span class='icongrid-char' aria-hidden='true' data-av_icon='\ue84f' data-av_iconfont='entypo-fontello'><\/span><\/div><header class=\"entry-content-header\"><h4 class='av_icongrid_title icongrid_title '  itemprop=\"headline\" >Auszug_HebG_GmundKomm<\/h4><h6 class='av_icongrid_subtitle icongrid_subtitle' ><p>2022<\/p>\n<\/h6><\/header><\/div><\/div><div class='avia-icongrid-content' data-class-flipback=''><div class=\"avia-icongrid-inner\"><div class='avia-icongrid-text'  itemprop=\"text\" ><p>Auszug Hebammengesetz 2022<\/p>\n<\/div><\/div><\/div><\/article><\/a><\/li>\n<li class='av-icon-cell-item av-row-with-5-cells av-row-nr-3 av-cell-4 av-next-cell-row av-inner-cell-item'><a href='https:\/\/medizinrecht.at\/home\/wp-content\/uploads\/2020\/07\/publikation_2020_Blutsicherheitsgesetz.pdf' title='Blutsicherheitsgesetz'  target=\"_blank\"  rel=\"noopener noreferrer\" class='avia-icongrid-wrapper av-6916-591899a1d00f90cb866f3b420d9fac1e'><article class='article-icon-entry '  itemscope=\"itemscope\" itemtype=\"https:\/\/schema.org\/CreativeWork\" ><div class='avia-icongrid-front '><div class=\"avia-icongrid-inner\"><div class='avia-icongrid-icon avia-font-entypo-fontello'><span class='icongrid-char' aria-hidden='true' data-av_icon='\ue84f' data-av_iconfont='entypo-fontello'><\/span><\/div><header class=\"entry-content-header\"><h4 class='av_icongrid_title icongrid_title '  itemprop=\"headline\" >Blutsicherheitsgesetz<\/h4><h6 class='av_icongrid_subtitle icongrid_subtitle' ><p>2020<\/p>\n<\/h6><\/header><\/div><\/div><div class='avia-icongrid-content' data-class-flipback=''><div class=\"avia-icongrid-inner\"><div class='avia-icongrid-text'  itemprop=\"text\" ><p>Gerhard Huber; Handbuch Medizinrecht_Auflage_3, Blutsicherheitsgesetz 2020<\/p>\n<\/div><\/div><\/div><\/article><\/a><\/li>\n<li class='av-icon-cell-item av-row-with-5-cells av-row-nr-3 av-cell-5 av-next-cell-row av-last-cell-item'><a href='https:\/\/medizinrecht.at\/home\/wp-content\/uploads\/2023\/01\/2022-Auszug_BSG_GmundKomm.pdf' title='Auszug_BSG_GmundKomm'  target=\"_blank\"  rel=\"noopener noreferrer\" class='avia-icongrid-wrapper av-lda5zga8-dd64411aac6ac5fda6b4e809cb281d17'><article class='article-icon-entry '  itemscope=\"itemscope\" itemtype=\"https:\/\/schema.org\/CreativeWork\" ><div class='avia-icongrid-front '><div class=\"avia-icongrid-inner\"><div class='avia-icongrid-icon avia-font-entypo-fontello'><span class='icongrid-char' aria-hidden='true' data-av_icon='\ue84f' data-av_iconfont='entypo-fontello'><\/span><\/div><header class=\"entry-content-header\"><h4 class='av_icongrid_title icongrid_title '  itemprop=\"headline\" >Auszug_BSG_GmundKomm<\/h4><h6 class='av_icongrid_subtitle icongrid_subtitle' ><p>2022<\/p>\n<\/h6><\/header><\/div><\/div><div class='avia-icongrid-content' data-class-flipback=''><div class=\"avia-icongrid-inner\"><div class='avia-icongrid-text'  itemprop=\"text\" ><p>Auszug Blutspendegesetz 2022<\/p>\n<\/div><\/div><\/div><\/article><\/a><\/li>\n<li class='av-icon-cell-item av-row-with-5-cells av-row-nr-4 av-cell-1 av-next-cell-row av-first-cell-item'><a href='https:\/\/medizinrecht.at\/home\/wp-content\/uploads\/2022\/04\/Freiheit-5-Tage-Quarantaenebescheid-Presse.pdf' title='Freiheit-5-Tage-Quarantaenebescheid-Presse'  target=\"_blank\"  rel=\"noopener noreferrer\" class='avia-icongrid-wrapper av-7k46-1babedfe23b71d03b80311a8f1327ebc'><article class='article-icon-entry '  itemscope=\"itemscope\" itemtype=\"https:\/\/schema.org\/CreativeWork\" ><div class='avia-icongrid-front '><div class=\"avia-icongrid-inner\"><div class='avia-icongrid-icon avia-font-entypo-fontello'><span class='icongrid-char' aria-hidden='true' data-av_icon='\ue84f' data-av_iconfont='entypo-fontello'><\/span><\/div><header class=\"entry-content-header\"><h4 class='av_icongrid_title icongrid_title '  itemprop=\"headline\" >Freiheit-5-Tage-Quarantaenebescheid-Presse<\/h4><h6 class='av_icongrid_subtitle icongrid_subtitle' ><p>2022<\/p>\n<\/h6><\/header><\/div><\/div><div class='avia-icongrid-content' data-class-flipback=''><div class=\"avia-icongrid-inner\"><div class='avia-icongrid-text'  itemprop=\"text\" ><p>Freiheit nach 5 Tagen &#8211; je nach Quarant\u00e4nebescheid, DiePresse 2022<\/p>\n<\/div><\/div><\/div><\/article><\/a><\/li>\n<li class='av-icon-cell-item av-row-with-5-cells av-row-nr-4 av-cell-2 av-next-cell-row av-inner-cell-item'><a href='https:\/\/medizinrecht.at\/home\/wp-content\/uploads\/2022\/04\/RdM_2022-02\u201399_Dietrich_Huber.pdf' title='Arzneimittelabgabe durch Apothekenautomaten'  target=\"_blank\"  rel=\"noopener noreferrer\" class='avia-icongrid-wrapper av-5fwa-31697124c5b4db9062c9498bcda10321'><article class='article-icon-entry '  itemscope=\"itemscope\" itemtype=\"https:\/\/schema.org\/CreativeWork\" ><div class='avia-icongrid-front '><div class=\"avia-icongrid-inner\"><div class='avia-icongrid-icon avia-font-entypo-fontello'><span class='icongrid-char' aria-hidden='true' data-av_icon='\ue84f' data-av_iconfont='entypo-fontello'><\/span><\/div><header class=\"entry-content-header\"><h4 class='av_icongrid_title icongrid_title '  itemprop=\"headline\" >Arzneimittelabgabe durch Apothekenautomaten<\/h4><h6 class='av_icongrid_subtitle icongrid_subtitle' ><p>2022<\/p>\n<\/h6><\/header><\/div><\/div><div class='avia-icongrid-content' data-class-flipback=''><div class=\"avia-icongrid-inner\"><div class='avia-icongrid-text'  itemprop=\"text\" ><p>G.Huber, J. Dietrich: Arzneimittelabgabe durch Apothekenautomaten, RdM 2022<\/p>\n<\/div><\/div><\/div><\/article><\/a><\/li>\n<li class='av-icon-cell-item av-row-with-5-cells av-row-nr-4 av-cell-3 av-next-cell-row av-inner-cell-item'><a href='https:\/\/medizinrecht.at\/home\/wp-content\/uploads\/2022\/04\/rp_huber-dietrich_0411.pdf' title='OGH k\u00fcrzt Urlaubsentsch\u00e4digung nach unberechtigtem Austritt'  target=\"_blank\"  rel=\"noopener noreferrer\" class='avia-icongrid-wrapper av-4058-e431aa83fe178f5334d11a0542f7d596'><article class='article-icon-entry '  itemscope=\"itemscope\" itemtype=\"https:\/\/schema.org\/CreativeWork\" ><div class='avia-icongrid-front '><div class=\"avia-icongrid-inner\"><div class='avia-icongrid-icon avia-font-entypo-fontello'><span class='icongrid-char' aria-hidden='true' data-av_icon='\ue84f' data-av_iconfont='entypo-fontello'><\/span><\/div><header class=\"entry-content-header\"><h4 class='av_icongrid_title icongrid_title '  itemprop=\"headline\" >OGH k\u00fcrzt Urlaubsentsch\u00e4digung nach unberechtigtem Austritt<\/h4><h6 class='av_icongrid_subtitle icongrid_subtitle' ><p>2022<\/p>\n<\/h6><\/header><\/div><\/div><div class='avia-icongrid-content' data-class-flipback=''><div class=\"avia-icongrid-inner\"><div class='avia-icongrid-text'  itemprop=\"text\" ><p>G. Huber, J. Dietrich: OGH k\u00fcrzt Urlaubsentsch\u00e4digung nach unberechtigtem Austritt, DiePresse 2022<\/p>\n<\/div><\/div><\/div><\/article><\/a><\/li>\n<li class='av-icon-cell-item av-row-with-5-cells av-row-nr-4 av-cell-4 av-next-cell-row av-inner-cell-item'><a href='https:\/\/medizinrecht.at\/home\/wp-content\/uploads\/2022\/03\/RdM-5_2021_-aufklaerung_oversizing_tibiakomponente.pdf' title='Aufkl\u00e4rung in Bezug auf Oversizing und\/oder Innenrotation der Tibiakomponente'  target=\"_blank\"  rel=\"noopener noreferrer\" class='avia-icongrid-wrapper av-3uyu-e344e8b5b63033c3f05087018c5fbbae'><article class='article-icon-entry '  itemscope=\"itemscope\" itemtype=\"https:\/\/schema.org\/CreativeWork\" ><div class='avia-icongrid-front '><div class=\"avia-icongrid-inner\"><div class='avia-icongrid-icon avia-font-entypo-fontello'><span class='icongrid-char' aria-hidden='true' data-av_icon='\ue84f' data-av_iconfont='entypo-fontello'><\/span><\/div><header class=\"entry-content-header\"><h4 class='av_icongrid_title icongrid_title '  itemprop=\"headline\" >Aufkl\u00e4rung in Bezug auf Oversizing und\/oder Innenrotation der Tibiakomponente<\/h4><h6 class='av_icongrid_subtitle icongrid_subtitle' ><p>2021<\/p>\n<\/h6><\/header><\/div><\/div><div class='avia-icongrid-content' data-class-flipback=''><div class=\"avia-icongrid-inner\"><div class='avia-icongrid-text'  itemprop=\"text\" ><p>Pitzl, E.; Huber.G.: Aufkl\u00e4rung in Bezug auf Oversizing und\/oder Innenrotation der Tibiakomponente &#8211; RdM 2021<\/p>\n<\/div><\/div><\/div><\/article><\/a><\/li>\n<li class='av-icon-cell-item av-row-with-5-cells av-row-nr-4 av-cell-5 av-next-cell-row av-last-cell-item'><a href='https:\/\/medizinrecht.at\/home\/wp-content\/uploads\/2021\/03\/publikation2021-RdM2021-HuberDietrich.pdf' title='Psychiatrische Unterbringung - Amtshaftung bei Absehen von der Unterbringung'  target=\"_blank\"  rel=\"noopener noreferrer\" class='avia-icongrid-wrapper av-17y-4d5649d0b641790dc1015786e6da8656'><article class='article-icon-entry '  itemscope=\"itemscope\" itemtype=\"https:\/\/schema.org\/CreativeWork\" ><div class='avia-icongrid-front '><div class=\"avia-icongrid-inner\"><div class='avia-icongrid-icon avia-font-entypo-fontello'><span class='icongrid-char' aria-hidden='true' data-av_icon='\ue84f' data-av_iconfont='entypo-fontello'><\/span><\/div><header class=\"entry-content-header\"><h4 class='av_icongrid_title icongrid_title '  itemprop=\"headline\" >Psychiatrische Unterbringung - Amtshaftung bei Absehen von der Unterbringung<\/h4><h6 class='av_icongrid_subtitle icongrid_subtitle' ><p>2021<\/p>\n<\/h6><\/header><\/div><\/div><div class='avia-icongrid-content' data-class-flipback=''><div class=\"avia-icongrid-inner\"><div class='avia-icongrid-text'  itemprop=\"text\" ><p>Gerhard Huber und Jakob Dietrich, Recht der Medizin, Ausgabe Februar 2021<\/p>\n<\/div><\/div><\/div><\/article><\/a><\/li>\n<li class='av-icon-cell-item av-row-with-5-cells av-row-nr-5 av-cell-1 av-next-cell-row av-first-cell-item'><a href='https:\/\/medizinrecht.at\/home\/wp-content\/uploads\/2021\/03\/publikation2021-RdM01-2021-JakobDietrich.pdf' title='Provisionsverbote und Kooperationen der Heilberufe'  class='avia-icongrid-wrapper av-3p18-f5023440bb97702f15806e5752833cea'><article class='article-icon-entry '  itemscope=\"itemscope\" itemtype=\"https:\/\/schema.org\/CreativeWork\" ><div class='avia-icongrid-front '><div class=\"avia-icongrid-inner\"><div class='avia-icongrid-icon avia-font-entypo-fontello'><span class='icongrid-char' aria-hidden='true' data-av_icon='\ue84f' data-av_iconfont='entypo-fontello'><\/span><\/div><header class=\"entry-content-header\"><h4 class='av_icongrid_title icongrid_title '  itemprop=\"headline\" >Provisionsverbote und Kooperationen der Heilberufe<\/h4><h6 class='av_icongrid_subtitle icongrid_subtitle' ><p>2021<\/p>\n<\/h6><\/header><\/div><\/div><div class='avia-icongrid-content' data-class-flipback=''><div class=\"avia-icongrid-inner\"><div class='avia-icongrid-text'  itemprop=\"text\" ><p>Jakob Dietrich, Recht der Medizin, Ausgabe Februar 2021<\/p>\n<\/div><\/div><\/div><\/article><\/a><\/li>\n<li class='av-icon-cell-item av-row-with-5-cells av-row-nr-5 av-cell-2 av-next-cell-row av-inner-cell-item'><a href='https:\/\/medizinrecht.at\/home\/wp-content\/uploads\/2020\/07\/publikation_2020_Berufsrecht_Hebammen.pdf' title='Berufsrecht der Hebammen'  target=\"_blank\"  rel=\"noopener noreferrer\" class='avia-icongrid-wrapper av-3ll2-dd456eb4ba6a734e5350c109894f5ff0'><article class='article-icon-entry '  itemscope=\"itemscope\" itemtype=\"https:\/\/schema.org\/CreativeWork\" ><div class='avia-icongrid-front '><div class=\"avia-icongrid-inner\"><div class='avia-icongrid-icon avia-font-entypo-fontello'><span class='icongrid-char' aria-hidden='true' data-av_icon='\ue84f' data-av_iconfont='entypo-fontello'><\/span><\/div><header class=\"entry-content-header\"><h4 class='av_icongrid_title icongrid_title '  itemprop=\"headline\" >Berufsrecht der Hebammen<\/h4><h6 class='av_icongrid_subtitle icongrid_subtitle' ><p>2020<\/p>\n<\/h6><\/header><\/div><\/div><div class='avia-icongrid-content' data-class-flipback=''><div class=\"avia-icongrid-inner\"><div class='avia-icongrid-text'  itemprop=\"text\" ><p>Gerhard Huber; Handbuch Medizinrecht_Auflage_3, Berufsrecht der Hebammen<\/p>\n<\/div><\/div><\/div><\/article><\/a><\/li>\n<li class='av-icon-cell-item av-row-with-5-cells av-row-nr-5 av-cell-3 av-next-cell-row av-inner-cell-item'><a href='https:\/\/medizinrecht.at\/home\/wp-content\/uploads\/2019\/04\/publikation2019-JAS2019-01.pdf' title='Regelungsdichte des Landesvertragsbedienstetenrechts - alles oder nichts?'  target=\"_blank\"  rel=\"noopener noreferrer\" class='avia-icongrid-wrapper av-3n8s-f0a3cb54dfea30b65d8bdf50aaf0ade4'><article class='article-icon-entry '  itemscope=\"itemscope\" itemtype=\"https:\/\/schema.org\/CreativeWork\" ><div class='avia-icongrid-front '><div class=\"avia-icongrid-inner\"><div class='avia-icongrid-icon avia-font-entypo-fontello'><span class='icongrid-char' aria-hidden='true' data-av_icon='\ue84f' data-av_iconfont='entypo-fontello'><\/span><\/div><header class=\"entry-content-header\"><h4 class='av_icongrid_title icongrid_title '  itemprop=\"headline\" >Regelungsdichte des Landesvertragsbedienstetenrechts - alles oder nichts?<\/h4><h6 class='av_icongrid_subtitle icongrid_subtitle' ><p>2019<\/p>\n<\/h6><\/header><\/div><\/div><div class='avia-icongrid-content' data-class-flipback=''><div class=\"avia-icongrid-inner\"><div class='avia-icongrid-text'  itemprop=\"text\" ><p><i>Huber\/Dietrich<\/i>, Regelungsdichte des Landesvertragsbediensteten-rechts \u2013 alles oder nichts?, JAS 2019, 1ff;<\/p>\n<\/div><\/div><\/div><\/article><\/a><\/li>\n<li class='av-icon-cell-item av-row-with-5-cells av-row-nr-5 av-cell-4 av-next-cell-row av-inner-cell-item'><a href='https:\/\/medizinrecht.at\/home\/wp-content\/uploads\/2019\/04\/publikation2016-HB_MedizinGK1.pdf' title='Hebammengesetz'  target=\"_blank\"  rel=\"noopener noreferrer\" class='avia-icongrid-wrapper av-x54u-9bc385080518175046db3d1839bde0c1'><article class='article-icon-entry '  itemscope=\"itemscope\" itemtype=\"https:\/\/schema.org\/CreativeWork\" ><div class='avia-icongrid-front '><div class=\"avia-icongrid-inner\"><div class='avia-icongrid-icon avia-font-entypo-fontello'><span class='icongrid-char' aria-hidden='true' data-av_icon='\ue84f' data-av_iconfont='entypo-fontello'><\/span><\/div><header class=\"entry-content-header\"><h4 class='av_icongrid_title icongrid_title '  itemprop=\"headline\" >Hebammengesetz<\/h4><h6 class='av_icongrid_subtitle icongrid_subtitle' ><p>2016<\/p>\n<\/h6><\/header><\/div><\/div><div class='avia-icongrid-content' data-class-flipback=''><div class=\"avia-icongrid-inner\"><div class='avia-icongrid-text'  itemprop=\"text\" ><p>Eckhard Pitzl \/ Gerhard Huber, in Resch \/ Wallner (Hrsg), Gmundner Kommentar zum Gesundheitsrecht (2016)- Hebammengesetz<\/p>\n<\/div><\/div><\/div><\/article><\/a><\/li>\n<li class='av-icon-cell-item av-row-with-5-cells av-row-nr-5 av-cell-5 av-next-cell-row av-last-cell-item'><a href='https:\/\/medizinrecht.at\/home\/wp-content\/uploads\/2019\/04\/publikation2016-HB_MedizinGK2.pdf' title='Blutsicherheitsgesetz'  target=\"_blank\"  rel=\"noopener noreferrer\" class='avia-icongrid-wrapper av-uaio-8bac090088218048d12e8f521967e1f4'><article class='article-icon-entry '  itemscope=\"itemscope\" itemtype=\"https:\/\/schema.org\/CreativeWork\" ><div class='avia-icongrid-front '><div class=\"avia-icongrid-inner\"><div class='avia-icongrid-icon avia-font-entypo-fontello'><span class='icongrid-char' aria-hidden='true' data-av_icon='\ue84f' data-av_iconfont='entypo-fontello'><\/span><\/div><header class=\"entry-content-header\"><h4 class='av_icongrid_title icongrid_title '  itemprop=\"headline\" >Blutsicherheitsgesetz<\/h4><h6 class='av_icongrid_subtitle icongrid_subtitle' ><p>2016<\/p>\n<\/h6><\/header><\/div><\/div><div class='avia-icongrid-content' data-class-flipback=''><div class=\"avia-icongrid-inner\"><div class='avia-icongrid-text'  itemprop=\"text\" ><p>Eckhard Pitzl \/ Gerhard Huber, in Resch \/ Wallner (Hrsg), Gmundner Kommentar zum Gesundheitsrecht (2016)): Blutsicherheitsgesetz<\/p>\n<\/div><\/div><\/div><\/article><\/a><\/li>\n<li class='av-icon-cell-item av-row-with-5-cells av-row-nr-6 av-cell-1 av-next-cell-row av-first-cell-item'><a href='https:\/\/medizinrecht.at\/home\/wp-content\/uploads\/2019\/04\/publikation2014-RdM_Juni_2014.pdf' title='Aufkl\u00e4rungs-, Einwilligungs- und   Informationspflichten nach dem \u00c4sthOPG'  target=\"_blank\"  rel=\"noopener noreferrer\" class='avia-icongrid-wrapper av-plaq-0dce0fb1baebf474f6f8e54d27a35c2d'><article class='article-icon-entry '  itemscope=\"itemscope\" itemtype=\"https:\/\/schema.org\/CreativeWork\" ><div class='avia-icongrid-front '><div class=\"avia-icongrid-inner\"><div class='avia-icongrid-icon avia-font-entypo-fontello'><span class='icongrid-char' aria-hidden='true' data-av_icon='\ue84f' data-av_iconfont='entypo-fontello'><\/span><\/div><header class=\"entry-content-header\"><h4 class='av_icongrid_title icongrid_title '  itemprop=\"headline\" >Aufkl\u00e4rungs-, Einwilligungs- und   Informationspflichten nach dem \u00c4sthOPG<\/h4><h6 class='av_icongrid_subtitle icongrid_subtitle' ><p>2014<\/p>\n<\/h6><\/header><\/div><\/div><div class='avia-icongrid-content' data-class-flipback=''><div class=\"avia-icongrid-inner\"><div class='avia-icongrid-text'  itemprop=\"text\" ><p>Eckhard Pitzl \/ Gerhard Huber: Aufkl\u00e4rungs-, Einwilligungs- und Informationspflichten nach dem \u00c4sthOPG; RdM 2014\/03,85 ff<\/p>\n<\/div><\/div><\/div><\/article><\/a><\/li>\n<li class='av-icon-cell-item av-row-with-5-cells av-row-nr-6 av-cell-2 av-next-cell-row av-inner-cell-item'><a href='https:\/\/medizinrecht.at\/home\/wp-content\/uploads\/2019\/04\/publikation2013-Patientenaufklaerung.pdf' title='Patientenaufkl\u00e4rung aus medizinischer und forensischer Sicht'  target=\"_blank\"  rel=\"noopener noreferrer\" class='avia-icongrid-wrapper av-mhz8-4890bbf69fda9f13b30f81442b113b67'><article class='article-icon-entry '  itemscope=\"itemscope\" itemtype=\"https:\/\/schema.org\/CreativeWork\" ><div class='avia-icongrid-front '><div class=\"avia-icongrid-inner\"><div class='avia-icongrid-icon avia-font-entypo-fontello'><span class='icongrid-char' aria-hidden='true' data-av_icon='\ue84f' data-av_iconfont='entypo-fontello'><\/span><\/div><header class=\"entry-content-header\"><h4 class='av_icongrid_title icongrid_title '  itemprop=\"headline\" >Patientenaufkl\u00e4rung aus medizinischer und forensischer Sicht<\/h4><h6 class='av_icongrid_subtitle icongrid_subtitle' ><p>2013<\/p>\n<\/h6><\/header><\/div><\/div><div class='avia-icongrid-content' data-class-flipback=''><div class=\"avia-icongrid-inner\"><div class='avia-icongrid-text'  itemprop=\"text\" ><p>Pitzl,E.; Huber, G..: Patientenaufkl\u00e4rung aus medizinischer; und forensischer Sicht; ZGP 2013\/04<\/p>\n<\/div><\/div><\/div><\/article><\/a><\/li>\n<li class='av-icon-cell-item av-row-with-5-cells av-row-nr-6 av-cell-3 av-next-cell-row av-inner-cell-item'><a href='https:\/\/medizinrecht.at\/home\/wp-content\/uploads\/2019\/04\/publikation2011-RdM2011-01.pdf' title='Das &quot;typische&quot; Behandlungsrisiko als Aufkl\u00e4rungskriterium'  target=\"_blank\"  rel=\"noopener noreferrer\" class='avia-icongrid-wrapper av-kw9g-54a1d202c49b672033fa836cbe459921'><article class='article-icon-entry '  itemscope=\"itemscope\" itemtype=\"https:\/\/schema.org\/CreativeWork\" ><div class='avia-icongrid-front '><div class=\"avia-icongrid-inner\"><div class='avia-icongrid-icon avia-font-entypo-fontello'><span class='icongrid-char' aria-hidden='true' data-av_icon='\ue84f' data-av_iconfont='entypo-fontello'><\/span><\/div><header class=\"entry-content-header\"><h4 class='av_icongrid_title icongrid_title '  itemprop=\"headline\" >Das &quot;typische&quot; Behandlungsrisiko als Aufkl\u00e4rungskriterium<\/h4><h6 class='av_icongrid_subtitle icongrid_subtitle' ><p>2011<\/p>\n<\/h6><\/header><\/div><\/div><div class='avia-icongrid-content' data-class-flipback=''><div class=\"avia-icongrid-inner\"><div class='avia-icongrid-text'  itemprop=\"text\" ><p>Pitzl,E.; Huber, G..: Das &#8222;typische&#8220; Behandlungsrisiko als Aufkl\u00e4rungskriterium; RdM 2011\/01, 4ff<\/p>\n<\/div><\/div><\/div><\/article><\/a><\/li>\n<li class='av-icon-cell-item av-row-with-5-cells av-row-nr-6 av-cell-4 av-next-cell-row av-inner-cell-item'><a href='https:\/\/medizinrecht.at\/home\/wp-content\/uploads\/2019\/04\/publikation2010-Impfen.pdf' title='Impfen - raten\/abraten? '  target=\"_blank\"  rel=\"noopener noreferrer\" class='avia-icongrid-wrapper av-i6da-ed8de5f3e7c6bf2c57d754318a5c5c1d'><article class='article-icon-entry '  itemscope=\"itemscope\" itemtype=\"https:\/\/schema.org\/CreativeWork\" ><div class='avia-icongrid-front '><div class=\"avia-icongrid-inner\"><div class='avia-icongrid-icon avia-font-entypo-fontello'><span class='icongrid-char' aria-hidden='true' data-av_icon='\ue84f' data-av_iconfont='entypo-fontello'><\/span><\/div><header class=\"entry-content-header\"><h4 class='av_icongrid_title icongrid_title '  itemprop=\"headline\" >Impfen - raten\/abraten? <\/h4><h6 class='av_icongrid_subtitle icongrid_subtitle' ><p>2010<\/p>\n<\/h6><\/header><\/div><\/div><div class='avia-icongrid-content' data-class-flipback=''><div class=\"avia-icongrid-inner\"><div class='avia-icongrid-text'  itemprop=\"text\" ><p>Pitzl,E.; Huber, G..: Impfen &#8211; raten\/abraten? p\u00e4diatrie &#038; p\u00e4dologie 04\/10, 10ff<\/p>\n<\/div><\/div><\/div><\/article><\/a><\/li>\n<li class='av-icon-cell-item av-row-with-5-cells av-row-nr-6 av-cell-5 av-next-cell-row av-last-cell-item'><a href='https:\/\/medizinrecht.at\/home\/wp-content\/uploads\/2019\/04\/publikation2010-Schutzgesetz.pdf' title='Facharztbeschr\u00e4nkung als Schutzgesetz?'  target=\"_blank\"  rel=\"noopener noreferrer\" class='avia-icongrid-wrapper av-g8ia-eabe014f7507e89a07544bc4f7eec74a'><article class='article-icon-entry '  itemscope=\"itemscope\" itemtype=\"https:\/\/schema.org\/CreativeWork\" ><div class='avia-icongrid-front '><div class=\"avia-icongrid-inner\"><div class='avia-icongrid-icon avia-font-entypo-fontello'><span class='icongrid-char' aria-hidden='true' data-av_icon='\ue84f' data-av_iconfont='entypo-fontello'><\/span><\/div><header class=\"entry-content-header\"><h4 class='av_icongrid_title icongrid_title '  itemprop=\"headline\" >Facharztbeschr\u00e4nkung als Schutzgesetz?<\/h4><h6 class='av_icongrid_subtitle icongrid_subtitle' ><p>2010<\/p>\n<\/h6><\/header><\/div><\/div><div class='avia-icongrid-content' data-class-flipback=''><div class=\"avia-icongrid-inner\"><div class='avia-icongrid-text'  itemprop=\"text\" ><p>Huber, G.: Anmerkung zum RdM-LS 2010\/37 (OGH 23.3.2010, 8 Ob 115\/09h) Facharztbeschr\u00e4nkung als Schutzgesetz? RdM 2010\/04, 118f<\/p>\n<\/div><\/div><\/div><\/article><\/a><\/li>\n<li class='av-icon-cell-item av-row-with-5-cells av-row-nr-7 av-cell-1 av-next-cell-row av-first-cell-item'><a href='https:\/\/medizinrecht.at\/home\/wp-content\/uploads\/2019\/04\/publikation2007-RdMHeft2_2007.pdf' title='Behandelnder Arzt und Sorgfaltsma\u00dfstab'  target=\"_blank\"  rel=\"noopener noreferrer\" class='avia-icongrid-wrapper av-dosc-5ab9981ae00b7f048bd58be1641a8761'><article class='article-icon-entry '  itemscope=\"itemscope\" itemtype=\"https:\/\/schema.org\/CreativeWork\" ><div class='avia-icongrid-front '><div class=\"avia-icongrid-inner\"><div class='avia-icongrid-icon avia-font-entypo-fontello'><span class='icongrid-char' aria-hidden='true' data-av_icon='\ue84f' data-av_iconfont='entypo-fontello'><\/span><\/div><header class=\"entry-content-header\"><h4 class='av_icongrid_title icongrid_title '  itemprop=\"headline\" >Behandelnder Arzt und Sorgfaltsma\u00dfstab<\/h4><h6 class='av_icongrid_subtitle icongrid_subtitle' ><p>2007<\/p>\n<\/h6><\/header><\/div><\/div><div class='avia-icongrid-content' data-class-flipback=''><div class=\"avia-icongrid-inner\"><div class='avia-icongrid-text'  itemprop=\"text\" ><p>Pitzl,E.; Huber, G.; Lichtenegger, M.: Behandelnder Arzt und Sorgfaltsma\u00dfstab &#8211; RdM 02\/2007<\/p>\n<\/div><\/div><\/div><\/article><\/a><\/li>\n<li class='av-icon-cell-item av-row-with-5-cells av-row-nr-7 av-cell-2 av-next-cell-row av-inner-cell-item'><a href='https:\/\/medizinrecht.at\/home\/wp-content\/uploads\/2019\/04\/publikation2003-RdMHeft403.pdf' title='Verschuldensunabh\u00e4ngige Patientenentsch\u00e4digung'  target=\"_blank\"  rel=\"noopener noreferrer\" class='avia-icongrid-wrapper av-bsoy-5955be93518d7fe2358c95e9585e3931'><article class='article-icon-entry '  itemscope=\"itemscope\" itemtype=\"https:\/\/schema.org\/CreativeWork\" ><div class='avia-icongrid-front '><div class=\"avia-icongrid-inner\"><div class='avia-icongrid-icon avia-font-entypo-fontello'><span class='icongrid-char' aria-hidden='true' data-av_icon='\ue84f' data-av_iconfont='entypo-fontello'><\/span><\/div><header class=\"entry-content-header\"><h4 class='av_icongrid_title icongrid_title '  itemprop=\"headline\" >Verschuldensunabh\u00e4ngige Patientenentsch\u00e4digung<\/h4><h6 class='av_icongrid_subtitle icongrid_subtitle' ><p>2003<\/p>\n<\/h6><\/header><\/div><\/div><div class='avia-icongrid-content' data-class-flipback=''><div class=\"avia-icongrid-inner\"><div class='avia-icongrid-text'  itemprop=\"text\" ><p>Pitzl,E.; Huber, G.: Verschuldensunabh\u00e4ngige Patientenentsch\u00e4digung &#8211; Patientenentsch\u00e4digungsfonds &#8211; RdM 04\/2003<\/p>\n<\/div><\/div><\/div><\/article><\/a><\/li>\n<li class='av-icon-cell-item av-row-with-5-cells av-row-nr-7 av-cell-3 av-next-cell-row av-inner-cell-item'><a href='https:\/\/medizinrecht.at\/home\/wp-content\/uploads\/2019\/04\/puplikation2000-RdM04-2000.pdf' title='\u00c4rztliche Heilbehandlung'  target=\"_blank\"  rel=\"noopener noreferrer\" class='avia-icongrid-wrapper av-8wkc-712d6145e18e5d2b72a04e3f2c11c2ec'><article class='article-icon-entry '  itemscope=\"itemscope\" itemtype=\"https:\/\/schema.org\/CreativeWork\" ><div class='avia-icongrid-front '><div class=\"avia-icongrid-inner\"><div class='avia-icongrid-icon avia-font-entypo-fontello'><span class='icongrid-char' aria-hidden='true' data-av_icon='\ue84f' data-av_iconfont='entypo-fontello'><\/span><\/div><header class=\"entry-content-header\"><h4 class='av_icongrid_title icongrid_title '  itemprop=\"headline\" >\u00c4rztliche Heilbehandlung<\/h4><h6 class='av_icongrid_subtitle icongrid_subtitle' ><p>2000<\/p>\n<\/h6><\/header><\/div><\/div><div class='avia-icongrid-content' data-class-flipback=''><div class=\"avia-icongrid-inner\"><div class='avia-icongrid-text'  itemprop=\"text\" ><p>Pitzl,E.; Huber, G.: \u00c4rztliche Heilbehandlung und K\u00f6rperverletzungskonstruktion &#8211; RdM 4\/2000<\/p>\n<\/div><\/div><\/div><\/article><\/a><\/li>\n<li class='av-icon-cell-item av-row-with-5-cells av-row-nr-7 av-cell-4 av-next-cell-row av-inner-cell-item'><a href='https:\/\/medizinrecht.at\/home\/wp-content\/uploads\/2019\/04\/publikation2000-rdm3_2000.pdf' title='Haftung des Belegarztes f\u00fcr Operationsvorbereitung'  target=\"_blank\"  rel=\"noopener noreferrer\" class='avia-icongrid-wrapper av-7o9m-37d87d0be3693c93158b268dfb00bcd3'><article class='article-icon-entry '  itemscope=\"itemscope\" itemtype=\"https:\/\/schema.org\/CreativeWork\" ><div class='avia-icongrid-front '><div class=\"avia-icongrid-inner\"><div class='avia-icongrid-icon avia-font-entypo-fontello'><span class='icongrid-char' aria-hidden='true' data-av_icon='\ue84f' data-av_iconfont='entypo-fontello'><\/span><\/div><header class=\"entry-content-header\"><h4 class='av_icongrid_title icongrid_title '  itemprop=\"headline\" >Haftung des Belegarztes f\u00fcr Operationsvorbereitung<\/h4><h6 class='av_icongrid_subtitle icongrid_subtitle' ><p>2000<\/p>\n<\/h6><\/header><\/div><\/div><div class='avia-icongrid-content' data-class-flipback=''><div class=\"avia-icongrid-inner\"><div class='avia-icongrid-text'  itemprop=\"text\" ><p>Pitzl, E.; Huber, G.: Haftung des Belegarztes f\u00fcr Operationsvorbereitung &#8211; RdM 3\/2000<\/p>\n<\/div><\/div><\/div><\/article><\/a><\/li>\n<li class='av-icon-cell-item av-row-with-5-cells av-row-nr-7 av-cell-5 av-next-cell-row av-last-cell-item'><a href='https:\/\/medizinrecht.at\/home\/wp-content\/uploads\/2019\/04\/publikation1997-delikthaftung.pdf' title='Delikthaftung im Krankenhaus'  target=\"_blank\"  rel=\"noopener noreferrer\" class='avia-icongrid-wrapper av-kys-2b0742e74bddc11851c4e080cbce1707'><article class='article-icon-entry '  itemscope=\"itemscope\" itemtype=\"https:\/\/schema.org\/CreativeWork\" ><div class='avia-icongrid-front '><div class=\"avia-icongrid-inner\"><div class='avia-icongrid-icon avia-font-entypo-fontello'><span class='icongrid-char' aria-hidden='true' data-av_icon='\ue84f' data-av_iconfont='entypo-fontello'><\/span><\/div><header class=\"entry-content-header\"><h4 class='av_icongrid_title icongrid_title '  itemprop=\"headline\" >Delikthaftung im Krankenhaus<\/h4><h6 class='av_icongrid_subtitle icongrid_subtitle' ><p>1997<\/p>\n<\/h6><\/header><\/div><\/div><div class='avia-icongrid-content' data-class-flipback=''><div class=\"avia-icongrid-inner\"><div class='avia-icongrid-text'  itemprop=\"text\" ><p>Pitzl , E.; Huber, G.: Delikthaftung im Krankenhaus &#8211; \u00d6KZ I\/97<\/p>\n<\/div><\/div><\/div><\/article><\/a><\/li>\n<li class='av-icon-cell-item av-row-with-5-cells av-row-nr-8 av-cell-1 av-next-cell-row av-first-cell-item'><a href='https:\/\/medizinrecht.at\/home\/wp-content\/uploads\/2019\/04\/publikation1996-aufklaerung.pdf' title='Behandlungsaufkl\u00e4rung - Risikoaufkl\u00e4rung - Aufk\u00e4rungsb\u00f6gen'  target=\"_blank\"  rel=\"noopener noreferrer\" class='avia-icongrid-wrapper av-2rte-14-1-1-1-1-1-38e32b8f98fb2f92f03057904c9c02d9'><article class='article-icon-entry '  itemscope=\"itemscope\" itemtype=\"https:\/\/schema.org\/CreativeWork\" ><div class='avia-icongrid-front '><div class=\"avia-icongrid-inner\"><div class='avia-icongrid-icon avia-font-entypo-fontello'><span class='icongrid-char' aria-hidden='true' data-av_icon='\ue84f' data-av_iconfont='entypo-fontello'><\/span><\/div><header class=\"entry-content-header\"><h4 class='av_icongrid_title icongrid_title '  itemprop=\"headline\" >Behandlungsaufkl\u00e4rung - Risikoaufkl\u00e4rung - Aufk\u00e4rungsb\u00f6gen<\/h4><h6 class='av_icongrid_subtitle icongrid_subtitle' ><p>1996<\/p>\n<\/h6><\/header><\/div><\/div><div class='avia-icongrid-content' data-class-flipback=''><div class=\"avia-icongrid-inner\"><div class='avia-icongrid-text'  itemprop=\"text\" ><p>Pitzl, E.; Huber.G.: Behandlungsaufkl\u00e4rung &#8211; Risikoaufkl\u00e4rung &#8211; Aufk\u00e4rungsb\u00f6gen &#8211; RdM 1996<\/p>\n<\/div><\/div><\/div><\/article><\/a><\/li>\n<li class='av-icon-cell-item av-row-with-5-cells av-row-nr-8 av-cell-2 av-next-cell-row av-inner-cell-item'><a href='https:\/\/medizinrecht.at\/home\/wp-content\/uploads\/2019\/04\/publikation2018-RdM2018-06.pdf' title='Geistheiler und Energetiker im Lichte des Arztvorbehalts'  target=\"_blank\"  rel=\"noopener noreferrer\" class='avia-icongrid-wrapper av-49ou-1-1-1-1-3b508fa9c288782fc12f53e71b712af3'><article class='article-icon-entry '  itemscope=\"itemscope\" itemtype=\"https:\/\/schema.org\/CreativeWork\" ><div class='avia-icongrid-front '><div class=\"avia-icongrid-inner\"><div class='avia-icongrid-icon avia-font-entypo-fontello'><span class='icongrid-char' aria-hidden='true' data-av_icon='\ue84f' data-av_iconfont='entypo-fontello'><\/span><\/div><header class=\"entry-content-header\"><h4 class='av_icongrid_title icongrid_title '  itemprop=\"headline\" >Geistheiler und Energetiker im Lichte des Arztvorbehalts<\/h4><h6 class='av_icongrid_subtitle icongrid_subtitle' ><p>2018<\/p>\n<\/h6><\/header><\/div><\/div><div class='avia-icongrid-content' data-class-flipback=''><div class=\"avia-icongrid-inner\"><div class='avia-icongrid-text'  itemprop=\"text\" ><p><i>Huber\/Dietrich<\/i>, Geistheiler und Energetiker im Lichte des Arztvorbehaltes, RdM 2018\/139;<\/p>\n<\/div><\/div><\/div><\/article><\/a><\/li>\n<\/ul><\/div>\n<\/div><\/div><\/div><!-- close content main div --><\/div><\/div>\n<style type=\"text\/css\" data-created_by=\"avia_inline_auto\" id=\"style-css-av-jtzjbqk1-32-30f0284c5316ae2aa3757bc3b13ab580\">\n.avia-section.av-jtzjbqk1-32-30f0284c5316ae2aa3757bc3b13ab580{\nbackground-color:#dddddd;\nbackground-image:unset;\n}\n<\/style>\n<div id='sekretariat'  class='avia-section av-jtzjbqk1-32-30f0284c5316ae2aa3757bc3b13ab580 main_color avia-section-default avia-no-border-styling  avia-builder-el-32  el_after_av_section  el_before_av_section  avia-bg-style-scroll container_wrap fullsize'  ><div class='container av-section-cont-open' ><div class='template-page content  av-content-full alpha units'><div class='post-entry post-entry-type-page post-entry-2'><div class='entry-content-wrapper clearfix'>\n\n<style type=\"text\/css\" data-created_by=\"avia_inline_auto\" id=\"style-css-av-jtzjhq3d-15-16d8a5f72c5bb7ee4856bf3892347911\">\n#top .av_textblock_section.av-jtzjhq3d-15-16d8a5f72c5bb7ee4856bf3892347911 .avia_textblock{\ncolor:#454545;\n}\n<\/style>\n<section  class='av_textblock_section av-jtzjhq3d-15-16d8a5f72c5bb7ee4856bf3892347911 '   itemscope=\"itemscope\" itemtype=\"https:\/\/schema.org\/CreativeWork\" ><div class='avia_textblock av_inherit_color'  itemprop=\"text\" ><h1 style=\"text-align: center;\">SEKRETARIAT<\/h1>\n<\/div><\/section>\n\n<style type=\"text\/css\" data-created_by=\"avia_inline_auto\" id=\"style-css-av-jtzkblo2-16-6c4603fcdd99599c94ff0265a75f5ceb\">\n#top .hr.av-jtzkblo2-16-6c4603fcdd99599c94ff0265a75f5ceb{\nmargin-top:20;\nmargin-bottom:50;\n}\n.hr.av-jtzkblo2-16-6c4603fcdd99599c94ff0265a75f5ceb .hr-inner{\nwidth:15%;\nborder-color:#454545;\n}\n<\/style>\n<div  class='hr av-jtzkblo2-16-6c4603fcdd99599c94ff0265a75f5ceb hr-custom  avia-builder-el-34  el_after_av_textblock  el_before_av_hr  hr-center hr-icon-no'><span class='hr-inner inner-border-av-border-fat'><span class=\"hr-inner-style\"><\/span><\/span><\/div>\n\n<style type=\"text\/css\" data-created_by=\"avia_inline_auto\" id=\"style-css-av-jtzkblo2-11-b06d7eb7c9233cf3dd3dbee04630c541\">\n#top .hr.hr-invisible.av-jtzkblo2-11-b06d7eb7c9233cf3dd3dbee04630c541{\nheight:50px;\n}\n<\/style>\n<div  class='hr av-jtzkblo2-11-b06d7eb7c9233cf3dd3dbee04630c541 hr-invisible  avia-builder-el-35  el_after_av_hr  el_before_av_textblock '><span class='hr-inner '><span class=\"hr-inner-style\"><\/span><\/span><\/div>\n\n<style type=\"text\/css\" data-created_by=\"avia_inline_auto\" id=\"style-css-av-jtzll41g-1800bcf1b951dbff3357938352881346\">\n#top .av_textblock_section.av-jtzll41g-1800bcf1b951dbff3357938352881346 .avia_textblock{\nfont-size:16px;\n}\n<\/style>\n<section  class='av_textblock_section av-jtzll41g-1800bcf1b951dbff3357938352881346 '   itemscope=\"itemscope\" itemtype=\"https:\/\/schema.org\/CreativeWork\" ><div class='avia_textblock'  itemprop=\"text\" ><p style=\"text-align: center;\"><strong>Im Sekretariat um Sie bem\u00fcht:<\/strong><\/p>\n<p style=\"text-align: center;\">Nina Weidinger<br \/>\nViktoria Waldbrunner<br \/>\nSarah Huber<\/p>\n<p style=\"text-align: center;\"><strong>E-Mail:<\/strong> <a href=\"mailto:office@medizinrecht.at\">office@medizinrecht.at<\/a><\/p>\n<\/div><\/section>\n\n<style type=\"text\/css\" data-created_by=\"avia_inline_auto\" id=\"style-css-av-jtzkblo2-10-e67c8379a8023b552da17322844d3b28\">\n#top .hr.hr-invisible.av-jtzkblo2-10-e67c8379a8023b552da17322844d3b28{\nheight:50px;\n}\n<\/style>\n<div  class='hr av-jtzkblo2-10-e67c8379a8023b552da17322844d3b28 hr-invisible  avia-builder-el-37  el_after_av_textblock  avia-builder-el-last '><span class='hr-inner '><span class=\"hr-inner-style\"><\/span><\/span><\/div>\n<\/p>\n<\/div><\/div><\/div><!-- close content main div --><\/div><\/div><div id='kontakt'  class='avia-section av-jtzjbqk1-13-099e519b434c62f813921d97ce9a9511 main_color avia-section-default avia-no-border-styling  avia-builder-el-38  el_after_av_section  el_before_av_section  avia-bg-style-scroll container_wrap fullsize'  ><div class='container av-section-cont-open' ><div class='template-page content  av-content-full alpha units'><div class='post-entry post-entry-type-page post-entry-2'><div class='entry-content-wrapper clearfix'>\n\n<style type=\"text\/css\" data-created_by=\"avia_inline_auto\" id=\"style-css-av-jtzjhq3d-12-cb4deab266deea854136c7e686dbc917\">\n#top .av_textblock_section.av-jtzjhq3d-12-cb4deab266deea854136c7e686dbc917 .avia_textblock{\ncolor:#cccccc;\n}\n<\/style>\n<section  class='av_textblock_section av-jtzjhq3d-12-cb4deab266deea854136c7e686dbc917 '   itemscope=\"itemscope\" itemtype=\"https:\/\/schema.org\/CreativeWork\" ><div class='avia_textblock av_inherit_color'  itemprop=\"text\" ><h1 style=\"text-align: center;\">KONTAKT<\/h1>\n<\/div><\/section>\n\n<style type=\"text\/css\" data-created_by=\"avia_inline_auto\" id=\"style-css-av-jtzkblo2-9-54c7787317dd79abed4aefce2dd4cbff\">\n#top .hr.av-jtzkblo2-9-54c7787317dd79abed4aefce2dd4cbff{\nmargin-top:20;\nmargin-bottom:50;\n}\n.hr.av-jtzkblo2-9-54c7787317dd79abed4aefce2dd4cbff .hr-inner{\nwidth:15%;\nborder-color:#cccccc;\n}\n<\/style>\n<div  class='hr av-jtzkblo2-9-54c7787317dd79abed4aefce2dd4cbff hr-custom  avia-builder-el-40  el_after_av_textblock  el_before_av_one_fifth  hr-center hr-icon-no'><span class='hr-inner inner-border-av-border-fat'><span class=\"hr-inner-style\"><\/span><\/span><\/div>\n\n<style type=\"text\/css\" data-created_by=\"avia_inline_auto\" id=\"style-css-av-9rgu-21a42582b7b61c5d13cd3758a7dbe3ff\">\n.flex_column.av-9rgu-21a42582b7b61c5d13cd3758a7dbe3ff{\nborder-radius:0px 0px 0px 0px;\npadding:0px 0px 0px 0px;\n}\n<\/style>\n<div  class='flex_column av-9rgu-21a42582b7b61c5d13cd3758a7dbe3ff av_one_fifth  avia-builder-el-41  el_after_av_hr  el_before_av_one_third  first flex_column_div av-zero-column-padding  '     ><\/div>\n<style type=\"text\/css\" data-created_by=\"avia_inline_auto\" id=\"style-css-av-7zci-2643e27e6a073cd2611f39d8afef2d73\">\n.flex_column.av-7zci-2643e27e6a073cd2611f39d8afef2d73{\nborder-radius:0px 0px 0px 0px;\npadding:0px 0px 0px 0px;\n}\n<\/style>\n<div  class='flex_column av-7zci-2643e27e6a073cd2611f39d8afef2d73 av_one_third  avia-builder-el-42  el_after_av_one_fifth  el_before_av_one_third  flex_column_div av-zero-column-padding  '     ><p>\n<style type=\"text\/css\" data-created_by=\"avia_inline_auto\" id=\"style-css-av-jtzkblo2-7-55666c086ca9c7b2afaf3a19b47fd9a8\">\n#top .hr.hr-invisible.av-jtzkblo2-7-55666c086ca9c7b2afaf3a19b47fd9a8{\nheight:30px;\n}\n<\/style>\n<div  class='hr av-jtzkblo2-7-55666c086ca9c7b2afaf3a19b47fd9a8 hr-invisible  avia-builder-el-43  el_before_av_image  avia-builder-el-first '><span class='hr-inner '><span class=\"hr-inner-style\"><\/span><\/span><\/div><br \/>\n\n<style type=\"text\/css\" data-created_by=\"avia_inline_auto\" id=\"style-css-av-ju0uqc3a-2c2c1a1fd06fbb3aff27f5a234019de9\">\n.avia-image-container.av-ju0uqc3a-2c2c1a1fd06fbb3aff27f5a234019de9 img.avia_image{\nbox-shadow:none;\n}\n.avia-image-container.av-ju0uqc3a-2c2c1a1fd06fbb3aff27f5a234019de9 .av-image-caption-overlay-center{\ncolor:#ffffff;\n}\n<\/style>\n<div  class='avia-image-container av-ju0uqc3a-2c2c1a1fd06fbb3aff27f5a234019de9 av-styling- av-hover-grow avia_animated_image av-animated-when-visible-95 fade-in avia-align-left  avia-builder-el-44  el_after_av_hr  el_before_av_hr '   itemprop=\"image\" itemscope=\"itemscope\" itemtype=\"https:\/\/schema.org\/ImageObject\" ><div class=\"avia-image-container-inner\"><div class=\"avia-image-overlay-wrap\"><img fetchpriority=\"high\" fetchpriority=\"high\" decoding=\"async\" fetchpriority=\"high\" class='wp-image-263 avia-img-lazy-loading-not-263 avia_image ' src=\"https:\/\/medizinrecht.at\/home\/wp-content\/uploads\/2021\/12\/Logo_transparent-1030x240.png\" alt='' title='Logo_transparent'  height=\"240\" width=\"1030\"  itemprop=\"thumbnailUrl\" srcset=\"https:\/\/medizinrecht.at\/home\/wp-content\/uploads\/2021\/12\/Logo_transparent.png 1030w, https:\/\/medizinrecht.at\/home\/wp-content\/uploads\/2021\/12\/Logo_transparent-300x70.png 300w, https:\/\/medizinrecht.at\/home\/wp-content\/uploads\/2021\/12\/Logo_transparent-768x179.png 768w, https:\/\/medizinrecht.at\/home\/wp-content\/uploads\/2021\/12\/Logo_transparent-705x164.png 705w, https:\/\/medizinrecht.at\/home\/wp-content\/uploads\/2021\/12\/Logo_transparent-450x105.png 450w\" sizes=\"(max-width: 1030px) 100vw, 1030px\" \/><\/div><\/div><\/div><br \/>\n\n<style type=\"text\/css\" data-created_by=\"avia_inline_auto\" id=\"style-css-av-jtzkblo2-4-c571660ef1a07bd0dcce0b6da413ae56\">\n#top .hr.hr-invisible.av-jtzkblo2-4-c571660ef1a07bd0dcce0b6da413ae56{\nheight:10px;\n}\n<\/style>\n<div  class='hr av-jtzkblo2-4-c571660ef1a07bd0dcce0b6da413ae56 hr-invisible  avia-builder-el-45  el_after_av_image  el_before_av_textblock '><span class='hr-inner '><span class=\"hr-inner-style\"><\/span><\/span><\/div><br \/>\n<section  class='av_textblock_section av-ju0uq3g1-446d186a0963047d7d1122e5b0699d83 '   itemscope=\"itemscope\" itemtype=\"https:\/\/schema.org\/CreativeWork\" ><div class='avia_textblock'  itemprop=\"text\" ><p>Rudolfstra\u00dfe 4,\u00a04040 Linz,\u00a0Austria<br \/>\nTel: 0732 718000<br \/>\nFax: 0732 717878<br \/>\nE-Mail: <a href=\"mailto:office@medizinrecht.at\">office@medizinrecht.at<\/a><\/p>\n<p><strong>Kanzlei\u00f6ffnungszeiten<\/strong><br \/>\nMontag bis Donnerstag 08:00\u201312:00 Uhr, 13:00\u201317:00 Uhr<br \/>\nFreitag 08:00\u201314:00 Uhr<\/p>\n<p><strong>Bankverbindung<\/strong><br \/>\nAllgemeine Sparkasse O\u00d6. Bank-AG<br \/>\nIBAN: AT80 2032 0004 0060 7000<br \/>\nBIC: ASPKAT2LXXX<\/p>\n<\/div><\/section><br \/>\n\n<style type=\"text\/css\" data-created_by=\"avia_inline_auto\" id=\"style-css-av-jtzkblo2-3-fc42acab4fe61c1c6626baa7055aa226\">\n#top .hr.hr-invisible.av-jtzkblo2-3-fc42acab4fe61c1c6626baa7055aa226{\nheight:30px;\n}\n<\/style>\n<div  class='hr av-jtzkblo2-3-fc42acab4fe61c1c6626baa7055aa226 hr-invisible  avia-builder-el-47  el_after_av_textblock  avia-builder-el-last '><span class='hr-inner '><span class=\"hr-inner-style\"><\/span><\/span><\/div><\/p><\/div>\n<style type=\"text\/css\" data-created_by=\"avia_inline_auto\" id=\"style-css-av-5zxo-0347455f0fcf5985a826a5f9ae9d46c3\">\n.flex_column.av-5zxo-0347455f0fcf5985a826a5f9ae9d46c3{\nborder-radius:0px 0px 0px 0px;\npadding:0px 0px 0px 0px;\n}\n<\/style>\n<div  class='flex_column av-5zxo-0347455f0fcf5985a826a5f9ae9d46c3 av_one_third  avia-builder-el-48  el_after_av_one_third  avia-builder-el-last  flex_column_div av-zero-column-padding  '     ><p>\n<style type=\"text\/css\" data-created_by=\"avia_inline_auto\" id=\"style-css-av-jtzkblo2-1-1264b0816dc72cdc4a6405927eb685f2\">\n#top .hr.hr-invisible.av-jtzkblo2-1-1264b0816dc72cdc4a6405927eb685f2{\nheight:30px;\n}\n<\/style>\n<div  class='hr av-jtzkblo2-1-1264b0816dc72cdc4a6405927eb685f2 hr-invisible  avia-builder-el-49  el_before_av_google_map  avia-builder-el-no-sibling '><span class='hr-inner '><span class=\"hr-inner-style\"><\/span><\/span><\/div><br \/>\n<div  class='av_gmaps_sc_main_wrap av_gmaps_main_wrap '><div id='av_gmap_0' class='avia-google-map-container avia-google-map-sc av_gmaps_show_unconditionally av-no-fallback-img ' data-mapid='av_gmap_0'  style='height: 400px;'><a class=\"av_gmaps_browser_disabled av_text_confirm_link av_text_confirm_link_visible\" href=\"https:\/\/www.google.com\/maps\/search\/?api=1&#038;query=Rudolfstra\u00dfe%204%204040%20Linz%20Ober\u00f6sterreich%20\u00d6sterreich\" target=\"_blank\" rel=\"noopener\">Aufgrund deiner Datenschutz-Einstellungen k\u00f6nnen wir Ihnen die Karte nicht anzeigen. Klicken Sie hier, um die Karte in einem neuen Fenster zu \u00f6ffnen.<\/a><\/div><\/div><\/p><\/div>\n\n<\/div><\/div><\/div><!-- close content main div --><\/div><\/div>\n<style type=\"text\/css\" data-created_by=\"avia_inline_auto\" id=\"style-css-av-jtzjbqk1-8-4a9540ff39c0c4c56af3fcbab522c78a\">\n.avia-section.av-jtzjbqk1-8-4a9540ff39c0c4c56af3fcbab522c78a{\nbackground-color:#0a0a0a;\nbackground-image:unset;\n}\n<\/style>\n<div id='av_section_6'  class='avia-section av-jtzjbqk1-8-4a9540ff39c0c4c56af3fcbab522c78a main_color avia-section-default avia-no-border-styling  avia-builder-el-51  el_after_av_section  avia-builder-el-last  avia-bg-style-scroll container_wrap fullsize'  ><div class='container av-section-cont-open' ><div class='template-page content  av-content-full alpha units'><div class='post-entry post-entry-type-page post-entry-2'><div class='entry-content-wrapper clearfix'>\n\n<style type=\"text\/css\" data-created_by=\"avia_inline_auto\" id=\"style-css-av-9rgu-6-6db0b8541af3651a820b0f6832b4bb38\">\n.flex_column.av-9rgu-6-6db0b8541af3651a820b0f6832b4bb38{\nborder-radius:0px 0px 0px 0px;\npadding:0px 0px 0px 0px;\n}\n<\/style>\n<div  class='flex_column av-9rgu-6-6db0b8541af3651a820b0f6832b4bb38 av_one_fifth  avia-builder-el-52  el_before_av_three_fifth  avia-builder-el-first  first flex_column_div av-zero-column-padding  '     ><\/div>\n<style type=\"text\/css\" data-created_by=\"avia_inline_auto\" id=\"style-css-av-7zci-5-148943318392719a103c0136bc9d46b3\">\n.flex_column.av-7zci-5-148943318392719a103c0136bc9d46b3{\nborder-radius:0px 0px 0px 0px;\npadding:0px 0px 0px 0px;\n}\n<\/style>\n<div  class='flex_column av-7zci-5-148943318392719a103c0136bc9d46b3 av_three_fifth  avia-builder-el-53  el_after_av_one_fifth  avia-builder-el-last  flex_column_div av-zero-column-padding  '     ><style type=\"text\/css\" data-created_by=\"avia_inline_auto\" id=\"style-css-av-ju0uq3g1-2-24fef095e42e9bcea49e7cf39c143b83\">\n#top .av_textblock_section.av-ju0uq3g1-2-24fef095e42e9bcea49e7cf39c143b83 .avia_textblock{\ncolor:#ffffff;\n}\n<\/style>\n<section  class='av_textblock_section av-ju0uq3g1-2-24fef095e42e9bcea49e7cf39c143b83 '   itemscope=\"itemscope\" itemtype=\"https:\/\/schema.org\/CreativeWork\" ><div class='avia_textblock av_inherit_color'  itemprop=\"text\" ><h5 style=\"text-align: center;\"><a href=\"https:\/\/medizinrecht.at\/home\/datenschutzerklaerung\/\"><b>IMPRESSUM |\u00a0<\/b>DSGVO<\/a><\/h5>\n<\/div><\/section><\/div>\n\n","protected":false},"excerpt":{"rendered":"","protected":false},"author":1,"featured_media":0,"parent":0,"menu_order":0,"comment_status":"closed","ping_status":"open","template":"","meta":{"footnotes":""},"class_list":["post-2","page","type-page","status-publish","hentry"],"_links":{"self":[{"href":"https:\/\/medizinrecht.at\/home\/wp-json\/wp\/v2\/pages\/2"}],"collection":[{"href":"https:\/\/medizinrecht.at\/home\/wp-json\/wp\/v2\/pages"}],"about":[{"href":"https:\/\/medizinrecht.at\/home\/wp-json\/wp\/v2\/types\/page"}],"author":[{"embeddable":true,"href":"https:\/\/medizinrecht.at\/home\/wp-json\/wp\/v2\/users\/1"}],"replies":[{"embeddable":true,"href":"https:\/\/medizinrecht.at\/home\/wp-json\/wp\/v2\/comments?post=2"}],"version-history":[{"count":81,"href":"https:\/\/medizinrecht.at\/home\/wp-json\/wp\/v2\/pages\/2\/revisions"}],"predecessor-version":[{"id":457,"href":"https:\/\/medizinrecht.at\/home\/wp-json\/wp\/v2\/pages\/2\/revisions\/457"}],"wp:attachment":[{"href":"https:\/\/medizinrecht.at\/home\/wp-json\/wp\/v2\/media?parent=2"}],"curies":[{"name":"wp","href":"https:\/\/api.w.org\/{rel}","templated":true}]}}